{"id":6132,"date":"2018-10-04T15:31:12","date_gmt":"2018-10-04T15:31:12","guid":{"rendered":"https:\/\/itacpro.develacq.startgoconnection.es\/food-service\/owoce-suszone\/frutas-desecadas-procesadas\/"},"modified":"2023-08-08T09:57:52","modified_gmt":"2023-08-08T07:57:52","slug":"przetworzone-owoce-suszone","status":"publish","type":"page","link":"https:\/\/www.itac-professional.com\/pl\/food-service\/owoce-suszone\/przetworzone-owoce-suszone\/","title":{"rendered":"Przetworzone Owoce Suszone"},"content":{"rendered":"<div class=\"wpb-content-wrapper\"><p>[vc_row css=\u00bb.vc_custom_1537796050067{margin-top: 70px !important;}\u00bb][vc_column][vc_column_text el_class=\u00bbtitulocatalogo\u00bb]<\/p>\n<h1 style=\"text-align: center;\"><span style=\"color: #ff0000;\">PRZETWORZONE OWOCE SUSZONE<\/span><\/h1>\n<p>[\/vc_column_text][vc_column_text el_class=\u00bbtextocat\u00bb]<\/p>\n<p style=\"text-align: center;\">Owoce suszone w r\u00f3\u017cnych kszta\u0142tach i kawa\u0142kach stanowi\u0105 ciekawe rozwi\u0105zanie do zastosowania w gastronomii jako sk\u0142adnik deser\u00f3w, pieczywa, ser\u00f3w, sos\u00f3w do sa\u0142atek, muesli zbo\u017cowych itd. Obecnie ich spo\u017cycie wzrasta z uwagi na mnogo\u015b\u0107 zastosowa\u0144 i oryginalno\u015b\u0107 produkt\u00f3w.<\/p>\n<p>[\/vc_column_text][\/vc_column][\/vc_row][vc_row][vc_column]<div class=\"woocommerce columns-4\"><div class=\"loading-effect-none description-under-image cart-btn-on-img cart-btn-on-hover resize-by-browser-width hide-description wc-grid dt-css-grid-wrap woo-hover wc-grid dt-products products\" data-padding=\"22px\" data-cur-page=\"1\" data-desktop-columns-num=\"4\" data-v-tablet-columns-num=\"2\" data-h-tablet-columns-num=\"3\" data-phone-columns-num=\"1\" data-width=\"220px\" data-columns=\"4\"><div class=\"dt-css-grid\"><div class=\"wf-cell visible shown\" data-post-id=\"22576\" data-date=\"2018-10-02T12:24:56+02:00\"><article class=\"post visible product type-product post-22576 status-publish first instock product_cat-almendra-espana has-post-thumbnail shipping-taxable product-type-simple\"><figure class=\"woocom-project\"><div class=\"woo-buttons-on-img\"><a href=\"#\" class=\"alignnone layzr-bg-transparent\" style=\"cursor:default\"><img width=\"300\" height=\"300\" src=\"https:\/\/www.itac-professional.com\/wp-content\/uploads\/2018\/10\/HIGO_TURCO_CUBITOS-300x300.png\" class=\"attachment-woocommerce_thumbnail size-woocommerce_thumbnail iso-lazy-load preload-me thumb-lazy-load-show iso-layzr-loaded\" decoding=\"async\" loading=\"lazy\" srcset=\"https:\/\/www.itac-professional.com\/wp-content\/uploads\/2018\/10\/HIGO_TURCO_CUBITOS-300x300.png 300w, https:\/\/www.itac-professional.com\/wp-content\/uploads\/2018\/10\/HIGO_TURCO_CUBITOS-255x300.png 200w\" sizes=\"auto, (max-width:300px) 100vw,300px\" style=\"will-change: auto;\"><\/a><\/div><figcaption class=\"woocom-list-content\"><h4 class=\"entry-title\">FIGI TURECKIE W KOSTCE<\/h4><\/figcaption><\/figure><\/article><\/div><div class=\"wf-cell visible shown\" data-post-id=\"22575\" data-date=\"2018-10-02T12:26:21+02:00\"><article class=\"post visible product type-product post-22575 status-publish instock product_cat-almendra-espana has-post-thumbnail shipping-taxable product-type-simple\"><figure class=\"woocom-project\"><div class=\"woo-buttons-on-img\"><a href=\"#\" class=\"alignnone layzr-bg-transparent\" style=\"cursor:default\"><img width=\"300\" height=\"300\" src=\"https:\/\/www.itac-professional.com\/wp-content\/uploads\/2018\/10\/ALBARICOQUES_CUBITOS_exterior-1-300x300.png\" class=\"attachment-woocommerce_thumbnail size-woocommerce_thumbnail iso-lazy-load preload-me thumb-lazy-load-show iso-layzr-loaded\" decoding=\"async\" loading=\"lazy\" srcset=\"https:\/\/www.itac-professional.com\/wp-content\/uploads\/2018\/10\/ALBARICOQUES_CUBITOS_exterior-1-300x300.png 300w, https:\/\/www.itac-professional.com\/wp-content\/uploads\/2018\/10\/ALBARICOQUES_CUBITOS_exterior-1-300x275.png 200w\" sizes=\"auto, (max-width:300px) 100vw,300px\" style=\"will-change: auto;\"><\/a><\/div><figcaption class=\"woocom-list-content\"><h4 class=\"entry-title\">MORELE W KOSTCE<\/h4><\/figcaption><\/figure><\/article><\/div><div class=\"wf-cell visible shown\" data-post-id=\"22574\" data-date=\"2018-10-02T12:27:44+02:00\"><article class=\"post visible product type-product post-22574 status-publish instock product_cat-almendra-espana has-post-thumbnail shipping-taxable product-type-simple\"><figure class=\"woocom-project\"><div class=\"woo-buttons-on-img\"><a href=\"#\" class=\"alignnone layzr-bg-transparent\" style=\"cursor:default\"><img width=\"300\" height=\"300\" src=\"https:\/\/www.itac-professional.com\/wp-content\/uploads\/2018\/10\/PAPAYA_CUBITOS-300x300.png\" class=\"attachment-woocommerce_thumbnail size-woocommerce_thumbnail iso-lazy-load preload-me thumb-lazy-load-show iso-layzr-loaded\" decoding=\"async\" loading=\"lazy\" srcset=\"https:\/\/www.itac-professional.com\/wp-content\/uploads\/2018\/10\/PAPAYA_CUBITOS-300x300.png 300w, https:\/\/www.itac-professional.com\/wp-content\/uploads\/2018\/10\/PAPAYA_CUBITOS-255x300.png 200w\" sizes=\"auto, (max-width:300px) 100vw,300px\" style=\"will-change: auto;\"><\/a><\/div><figcaption class=\"woocom-list-content\"><h4 class=\"entry-title\">PAPAJE W KOSTCE<\/h4><\/figcaption><\/figure><\/article><\/div><div class=\"wf-cell visible shown\" data-post-id=\"22573\" data-date=\"2018-10-02T12:28:29+02:00\"><article class=\"post visible product type-product post-22573 status-publish last instock product_cat-almendra-espana has-post-thumbnail shipping-taxable product-type-simple\"><figure class=\"woocom-project\"><div class=\"woo-buttons-on-img\"><a href=\"#\" class=\"alignnone layzr-bg-transparent\" style=\"cursor:default\"><img width=\"300\" height=\"300\" src=\"https:\/\/www.itac-professional.com\/wp-content\/uploads\/2018\/10\/COCO_RALLADAO-300x300.png\" class=\"attachment-woocommerce_thumbnail size-woocommerce_thumbnail iso-lazy-load preload-me thumb-lazy-load-show iso-layzr-loaded\" decoding=\"async\" loading=\"lazy\" srcset=\"https:\/\/www.itac-professional.com\/wp-content\/uploads\/2018\/10\/COCO_RALLADAO-300x300.png 300w, https:\/\/www.itac-professional.com\/wp-content\/uploads\/2018\/10\/COCO_RALLADAO-255x300.png 200w\" sizes=\"auto, (max-width:300px) 100vw,300px\" style=\"will-change: auto;\"><\/a><\/div><figcaption class=\"woocom-list-content\"><h4 class=\"entry-title\">WI\u00d3RKI KOKOSOWE<\/h4><\/figcaption><\/figure><\/article><\/div><\/div><\/div><\/div>[\/vc_column][\/vc_row]<\/p>\n<\/div>","protected":false},"excerpt":{"rendered":"<p>[vc_row css=\u00bb.vc_custom_1537796050067{margin-top: 70px !important;}\u00bb][vc_column][vc_column_text el_class=\u00bbtitulocatalogo\u00bb] PRZETWORZONE OWOCE SUSZONE [\/vc_column_text][vc_column_text el_class=\u00bbtextocat\u00bb] Owoce suszone w r\u00f3\u017cnych kszta\u0142tach i kawa\u0142kach stanowi\u0105 ciekawe rozwi\u0105zanie do zastosowania w gastronomii jako sk\u0142adnik deser\u00f3w, pieczywa, ser\u00f3w, sos\u00f3w do sa\u0142atek, muesli zbo\u017cowych itd. Obecnie ich spo\u017cycie wzrasta z uwagi na mnogo\u015b\u0107 zastosowa\u0144 i oryginalno\u015b\u0107 produkt\u00f3w. [\/vc_column_text][\/vc_column][\/vc_row][vc_row][vc_column][\/vc_column][\/vc_row]<\/p>\n","protected":false},"author":1,"featured_media":0,"parent":5285,"menu_order":0,"comment_status":"closed","ping_status":"closed","template":"","meta":{"_acf_changed":false,"content-type":"","footnotes":"","_links_to":"","_links_to_target":""},"class_list":["post-6132","page","type-page","status-publish","hentry"],"acf":[],"yoast_head":"<!-- This site is optimized with the Yoast SEO plugin v27.3 - https:\/\/yoast.com\/product\/yoast-seo-wordpress\/ -->\n<title>\u3010Przetworzone suszone owoce do gotowania\u3011 | Itac Professional<\/title>\n<meta name=\"description\" content=\"Chcesz nada\u0107 swoim potrawom indywidualny kolor i smak? Suszone owoce to dobry wyb\u00f3r: zdrowe, wszechstronne i oryginalne dodatki! \u2934\ufe0f\" \/>\n<meta name=\"robots\" content=\"index, follow, max-snippet:-1, max-image-preview:large, max-video-preview:-1\" \/>\n<link rel=\"canonical\" href=\"https:\/\/www.itac-professional.com\/pl\/food-service\/owoce-suszone\/przetworzone-owoce-suszone\/\" \/>\n<meta property=\"og:locale\" content=\"es_ES\" \/>\n<meta property=\"og:type\" content=\"article\" \/>\n<meta property=\"og:title\" content=\"\u3010Przetworzone suszone owoce do gotowania\u3011 | Itac Professional\" \/>\n<meta property=\"og:description\" content=\"Chcesz nada\u0107 swoim potrawom indywidualny kolor i smak? Suszone owoce to dobry wyb\u00f3r: zdrowe, wszechstronne i oryginalne dodatki! \u2934\ufe0f\" \/>\n<meta property=\"og:url\" content=\"https:\/\/www.itac-professional.com\/pl\/food-service\/owoce-suszone\/przetworzone-owoce-suszone\/\" \/>\n<meta property=\"og:site_name\" content=\"ITAC PROFESSIONAL\" \/>\n<meta property=\"article:publisher\" content=\"https:\/\/www.facebook.com\/itacpl\/?__tn__=%2cd%2cP-R&amp;amp%3bamp%3bamp%3beid=ARDlbBGdvN1GldNhuRmgHiU6tnbbCAl9fGzcoMdXJtpaDmSPPUWNWMZggUNgE-uhlBECVQWwd8uysOwe\" \/>\n<meta property=\"article:modified_time\" content=\"2023-08-08T07:57:52+00:00\" \/>\n<meta name=\"twitter:card\" content=\"summary_large_image\" \/>\n<script type=\"application\/ld+json\" class=\"yoast-schema-graph\">{\"@context\":\"https:\\\/\\\/schema.org\",\"@graph\":[{\"@type\":\"WebPage\",\"@id\":\"https:\\\/\\\/www.itac-professional.com\\\/pl\\\/food-service\\\/owoce-suszone\\\/przetworzone-owoce-suszone\\\/\",\"url\":\"https:\\\/\\\/www.itac-professional.com\\\/pl\\\/food-service\\\/owoce-suszone\\\/przetworzone-owoce-suszone\\\/\",\"name\":\"\u3010Przetworzone suszone owoce do gotowania\u3011 | Itac Professional\",\"isPartOf\":{\"@id\":\"https:\\\/\\\/www.itac-professional.com\\\/pl\\\/#website\"},\"datePublished\":\"2018-10-04T15:31:12+00:00\",\"dateModified\":\"2023-08-08T07:57:52+00:00\",\"description\":\"Chcesz nada\u0107 swoim potrawom indywidualny kolor i smak? Suszone owoce to dobry wyb\u00f3r: zdrowe, wszechstronne i oryginalne dodatki! \u2934\ufe0f\",\"breadcrumb\":{\"@id\":\"https:\\\/\\\/www.itac-professional.com\\\/pl\\\/food-service\\\/owoce-suszone\\\/przetworzone-owoce-suszone\\\/#breadcrumb\"},\"inLanguage\":\"es\",\"potentialAction\":[{\"@type\":\"ReadAction\",\"target\":[\"https:\\\/\\\/www.itac-professional.com\\\/pl\\\/food-service\\\/owoce-suszone\\\/przetworzone-owoce-suszone\\\/\"]}]},{\"@type\":\"BreadcrumbList\",\"@id\":\"https:\\\/\\\/www.itac-professional.com\\\/pl\\\/food-service\\\/owoce-suszone\\\/przetworzone-owoce-suszone\\\/#breadcrumb\",\"itemListElement\":[{\"@type\":\"ListItem\",\"position\":1,\"name\":\"Inicio\",\"item\":\"https:\\\/\\\/www.itac-professional.com\\\/pl\\\/\"},{\"@type\":\"ListItem\",\"position\":2,\"name\":\"Food Service\",\"item\":\"https:\\\/\\\/www.itac-professional.com\\\/pl\\\/food-service\\\/\"},{\"@type\":\"ListItem\",\"position\":3,\"name\":\"Owoce Suszone\",\"item\":\"https:\\\/\\\/www.itac-professional.com\\\/pl\\\/food-service\\\/owoce-suszone\\\/\"},{\"@type\":\"ListItem\",\"position\":4,\"name\":\"Przetworzone Owoce Suszone\"}]},{\"@type\":\"WebSite\",\"@id\":\"https:\\\/\\\/www.itac-professional.com\\\/pl\\\/#website\",\"url\":\"https:\\\/\\\/www.itac-professional.com\\\/pl\\\/\",\"name\":\"ITAC PROFESSIONAL\",\"description\":\"Frutos secos, frutas desecadas, snacks ...\",\"publisher\":{\"@id\":\"https:\\\/\\\/www.itac-professional.com\\\/pl\\\/#organization\"},\"potentialAction\":[{\"@type\":\"SearchAction\",\"target\":{\"@type\":\"EntryPoint\",\"urlTemplate\":\"https:\\\/\\\/www.itac-professional.com\\\/pl\\\/?s={search_term_string}\"},\"query-input\":{\"@type\":\"PropertyValueSpecification\",\"valueRequired\":true,\"valueName\":\"search_term_string\"}}],\"inLanguage\":\"es\"},{\"@type\":\"Organization\",\"@id\":\"https:\\\/\\\/www.itac-professional.com\\\/pl\\\/#organization\",\"name\":\"Itac Professional\",\"url\":\"https:\\\/\\\/www.itac-professional.com\\\/pl\\\/\",\"logo\":{\"@type\":\"ImageObject\",\"inLanguage\":\"es\",\"@id\":\"https:\\\/\\\/www.itac-professional.com\\\/pl\\\/#\\\/schema\\\/logo\\\/image\\\/\",\"url\":\"https:\\\/\\\/www.itac-professional.com\\\/wp-content\\\/uploads\\\/2018\\\/10\\\/LOGO-ITACPROF-160.png\",\"contentUrl\":\"https:\\\/\\\/www.itac-professional.com\\\/wp-content\\\/uploads\\\/2018\\\/10\\\/LOGO-ITACPROF-160.png\",\"width\":160,\"height\":80,\"caption\":\"Itac Professional\"},\"image\":{\"@id\":\"https:\\\/\\\/www.itac-professional.com\\\/pl\\\/#\\\/schema\\\/logo\\\/image\\\/\"},\"sameAs\":[\"https:\\\/\\\/www.facebook.com\\\/itacpl\\\/?__tn__=,d,P-R&amp;amp;amp;eid=ARDlbBGdvN1GldNhuRmgHiU6tnbbCAl9fGzcoMdXJtpaDmSPPUWNWMZggUNgE-uhlBECVQWwd8uysOwe\",\"https:\\\/\\\/www.linkedin.com\\\/sharing\\\/share-offsite\\\/?url=https:\\\/\\\/www.itac-professional.com\\\/retail\\\/\"]}]}<\/script>\n<!-- \/ Yoast SEO plugin. -->","yoast_head_json":{"title":"\u3010Przetworzone suszone owoce do gotowania\u3011 | Itac Professional","description":"Chcesz nada\u0107 swoim potrawom indywidualny kolor i smak? Suszone owoce to dobry wyb\u00f3r: zdrowe, wszechstronne i oryginalne dodatki! \u2934\ufe0f","robots":{"index":"index","follow":"follow","max-snippet":"max-snippet:-1","max-image-preview":"max-image-preview:large","max-video-preview":"max-video-preview:-1"},"canonical":"https:\/\/www.itac-professional.com\/pl\/food-service\/owoce-suszone\/przetworzone-owoce-suszone\/","og_locale":"es_ES","og_type":"article","og_title":"\u3010Przetworzone suszone owoce do gotowania\u3011 | Itac Professional","og_description":"Chcesz nada\u0107 swoim potrawom indywidualny kolor i smak? Suszone owoce to dobry wyb\u00f3r: zdrowe, wszechstronne i oryginalne dodatki! \u2934\ufe0f","og_url":"https:\/\/www.itac-professional.com\/pl\/food-service\/owoce-suszone\/przetworzone-owoce-suszone\/","og_site_name":"ITAC PROFESSIONAL","article_publisher":"https:\/\/www.facebook.com\/itacpl\/?__tn__=%2cd%2cP-R&amp%3bamp%3bamp%3beid=ARDlbBGdvN1GldNhuRmgHiU6tnbbCAl9fGzcoMdXJtpaDmSPPUWNWMZggUNgE-uhlBECVQWwd8uysOwe","article_modified_time":"2023-08-08T07:57:52+00:00","twitter_card":"summary_large_image","schema":{"@context":"https:\/\/schema.org","@graph":[{"@type":"WebPage","@id":"https:\/\/www.itac-professional.com\/pl\/food-service\/owoce-suszone\/przetworzone-owoce-suszone\/","url":"https:\/\/www.itac-professional.com\/pl\/food-service\/owoce-suszone\/przetworzone-owoce-suszone\/","name":"\u3010Przetworzone suszone owoce do gotowania\u3011 | Itac Professional","isPartOf":{"@id":"https:\/\/www.itac-professional.com\/pl\/#website"},"datePublished":"2018-10-04T15:31:12+00:00","dateModified":"2023-08-08T07:57:52+00:00","description":"Chcesz nada\u0107 swoim potrawom indywidualny kolor i smak? Suszone owoce to dobry wyb\u00f3r: zdrowe, wszechstronne i oryginalne dodatki! \u2934\ufe0f","breadcrumb":{"@id":"https:\/\/www.itac-professional.com\/pl\/food-service\/owoce-suszone\/przetworzone-owoce-suszone\/#breadcrumb"},"inLanguage":"es","potentialAction":[{"@type":"ReadAction","target":["https:\/\/www.itac-professional.com\/pl\/food-service\/owoce-suszone\/przetworzone-owoce-suszone\/"]}]},{"@type":"BreadcrumbList","@id":"https:\/\/www.itac-professional.com\/pl\/food-service\/owoce-suszone\/przetworzone-owoce-suszone\/#breadcrumb","itemListElement":[{"@type":"ListItem","position":1,"name":"Inicio","item":"https:\/\/www.itac-professional.com\/pl\/"},{"@type":"ListItem","position":2,"name":"Food Service","item":"https:\/\/www.itac-professional.com\/pl\/food-service\/"},{"@type":"ListItem","position":3,"name":"Owoce Suszone","item":"https:\/\/www.itac-professional.com\/pl\/food-service\/owoce-suszone\/"},{"@type":"ListItem","position":4,"name":"Przetworzone Owoce Suszone"}]},{"@type":"WebSite","@id":"https:\/\/www.itac-professional.com\/pl\/#website","url":"https:\/\/www.itac-professional.com\/pl\/","name":"ITAC PROFESSIONAL","description":"Frutos secos, frutas desecadas, snacks ...","publisher":{"@id":"https:\/\/www.itac-professional.com\/pl\/#organization"},"potentialAction":[{"@type":"SearchAction","target":{"@type":"EntryPoint","urlTemplate":"https:\/\/www.itac-professional.com\/pl\/?s={search_term_string}"},"query-input":{"@type":"PropertyValueSpecification","valueRequired":true,"valueName":"search_term_string"}}],"inLanguage":"es"},{"@type":"Organization","@id":"https:\/\/www.itac-professional.com\/pl\/#organization","name":"Itac Professional","url":"https:\/\/www.itac-professional.com\/pl\/","logo":{"@type":"ImageObject","inLanguage":"es","@id":"https:\/\/www.itac-professional.com\/pl\/#\/schema\/logo\/image\/","url":"https:\/\/www.itac-professional.com\/wp-content\/uploads\/2018\/10\/LOGO-ITACPROF-160.png","contentUrl":"https:\/\/www.itac-professional.com\/wp-content\/uploads\/2018\/10\/LOGO-ITACPROF-160.png","width":160,"height":80,"caption":"Itac Professional"},"image":{"@id":"https:\/\/www.itac-professional.com\/pl\/#\/schema\/logo\/image\/"},"sameAs":["https:\/\/www.facebook.com\/itacpl\/?__tn__=,d,P-R&amp;amp;amp;eid=ARDlbBGdvN1GldNhuRmgHiU6tnbbCAl9fGzcoMdXJtpaDmSPPUWNWMZggUNgE-uhlBECVQWwd8uysOwe","https:\/\/www.linkedin.com\/sharing\/share-offsite\/?url=https:\/\/www.itac-professional.com\/retail\/"]}]}},"_links":{"self":[{"href":"https:\/\/www.itac-professional.com\/pl\/wp-json\/wp\/v2\/pages\/6132","targetHints":{"allow":["GET"]}}],"collection":[{"href":"https:\/\/www.itac-professional.com\/pl\/wp-json\/wp\/v2\/pages"}],"about":[{"href":"https:\/\/www.itac-professional.com\/pl\/wp-json\/wp\/v2\/types\/page"}],"author":[{"embeddable":true,"href":"https:\/\/www.itac-professional.com\/pl\/wp-json\/wp\/v2\/users\/1"}],"replies":[{"embeddable":true,"href":"https:\/\/www.itac-professional.com\/pl\/wp-json\/wp\/v2\/comments?post=6132"}],"version-history":[{"count":4,"href":"https:\/\/www.itac-professional.com\/pl\/wp-json\/wp\/v2\/pages\/6132\/revisions"}],"predecessor-version":[{"id":22703,"href":"https:\/\/www.itac-professional.com\/pl\/wp-json\/wp\/v2\/pages\/6132\/revisions\/22703"}],"up":[{"embeddable":true,"href":"https:\/\/www.itac-professional.com\/pl\/wp-json\/wp\/v2\/pages\/5285"}],"wp:attachment":[{"href":"https:\/\/www.itac-professional.com\/pl\/wp-json\/wp\/v2\/media?parent=6132"}],"curies":[{"name":"wp","href":"https:\/\/api.w.org\/{rel}","templated":true}]}}