{"id":5605,"date":"2019-02-13T11:45:18","date_gmt":"2019-02-13T11:45:18","guid":{"rendered":"https:\/\/itacpro.develacq.startgoconnection.es\/?page_id=5605"},"modified":"2023-06-20T17:53:41","modified_gmt":"2023-06-20T15:53:41","slug":"handel-detaliczny","status":"publish","type":"page","link":"https:\/\/www.itac-professional.com\/pl\/handel-detaliczny\/","title":{"rendered":"HANDEL DETALICZNY"},"content":{"rendered":"<div class=\"wpb-content-wrapper\"><p>[vc_row full_width=\u00bbstretch_row\u00bb gap=\u00bb10&#8243; el_class=\u00bbbackgroundImgDiv Home\u00bb][vc_column][\/vc_column][\/vc_row][vc_row gap=\u00bb10&#8243; el_class=\u00bbretailHeader\u00bb][vc_column][vc_column_text]<\/p>\n<h1 style=\"text-align: center;\">HANDEL DETALICZNY<\/h1>\n<h3 style=\"text-align: center;\">IMPORTACO TO FIRMA WYSPECJALIZOWANA W HANDLU ORZECHAMI, OWOCAMI SUSZONYMI, PRODUKTAMI W POLEWIE CZEKOLADOWEJ, PRZEK\u0104SKAMI ORAZ PODOBNYMI ARTYKU\u0141AMI.<\/h3>\n<p>[\/vc_column_text][vc_column_text css=\u00bb.vc_custom_1550074995222{padding-right: 0px !important;padding-left: 0px !important;}\u00bb]Oferujemy opakowania w r\u00f3\u017cnych formatach, przeznaczone do domowego u\u017cytku, w szczeg\u00f3lno\u015bci dla du\u017cych dystrybutor\u00f3w. Opr\u00f3cz rozwoju naszej w\u0142asnej marki ITAC, zajmujemy si\u0119 opracowywaniem rozwi\u0105za\u0144 i produkt\u00f3w dla innych marek.<\/p>\n<p>Wdro\u017cyli\u015bmy t\u0119 strategi\u0119 na rynku sprzedawc\u00f3w detalicznych za po\u015brednictwem 3 linii biznesowych:[\/vc_column_text][\/vc_column][\/vc_row][vc_row full_width=\u00bbstretch_row\u00bb el_class=\u00bbretailColumns\u00bb][vc_column][vc_row_inner equal_height=\u00bbyes\u00bb gap=\u00bb25&#8243;][vc_column_inner el_class=\u00bbretailColCab\u00bb width=\u00bb1\/3&#8243;][vc_single_image image=\u00bb5650&#8243; img_size=\u00bbfull\u00bb alignment=\u00bbcenter\u00bb][vc_column_text]<\/p>\n<h3>PRIVATE LABEL<br \/>\nINTERNATIONAL<\/h3>\n<p>[\/vc_column_text][vc_column_text el_class=\u00bbiconos\u00bb]z r\u00f3\u017cnymi opcjami opakowa\u0144.[\/vc_column_text][\/vc_column_inner][vc_column_inner el_class=\u00bbretailColCab\u00bb width=\u00bb1\/3&#8243;][vc_single_image image=\u00bb5653&#8243; img_size=\u00bbfull\u00bb alignment=\u00bbcenter\u00bb][vc_column_text]<\/p>\n<h3>RYNEK SPRZEDA\u017bY<br \/>\nDETALICZNEJ,<\/h3>\n<p>[\/vc_column_text][vc_column_text el_class=\u00bbiconos\u00bb]na kt\u00f3rym stanowimy tzw. dostawc\u0119 Totaler dla sieci supermarket\u00f3w MERCADONA i jej marki Hacendado.[\/vc_column_text][\/vc_column_inner][vc_column_inner el_class=\u00bbretailColCab\u00bb width=\u00bb1\/3&#8243;][vc_single_image image=\u00bb5656&#8243; img_size=\u00bbfull\u00bb alignment=\u00bbcenter\u00bb][vc_column_text]<\/p>\n<h3>NASZA W\u0141ASNA<br \/>\nMARKA ITAC<\/h3>\n<p>[\/vc_column_text][vc_column_text el_class=\u00bbiconos\u00bb]przeznaczona dla konsument\u00f3w zagranicznych.[\/vc_column_text][\/vc_column_inner][\/vc_row_inner][\/vc_column][\/vc_row][vc_row el_class=\u00bbretailContent\u00bb][vc_column][vc_row_inner equal_height=\u00bbyes\u00bb content_placement=\u00bbtop\u00bb el_class=\u00bbreverse-cols\u00bb css=\u00bb.vc_custom_1548761726036{margin-top: 0px !important;margin-right: 0px !important;margin-bottom: 0px !important;margin-left: 0px !important;}\u00bb][vc_column_inner el_class=\u00bbtextosalmendras\u00bb width=\u00bb1\/2&#8243;][vc_column_text]<\/p>\n<h3 style=\"text-align: center;\">PRIVATE LABEL<\/h3>\n<ul>\n<li>Specjalizujemy si\u0119 w produkcji i pakowaniu produkt\u00f3w na du\u017c\u0105 skal\u0119 dla marki dystrybucyjnej r\u00f3\u017cnych mi\u0119dzynarodowych sprzedawc\u00f3w detalicznych.<\/li>\n<li>Oferujemy r\u00f3\u017cnorodne opcje format\u00f3w opakowa\u0144 i obj\u0119to\u015bci.<\/li>\n<\/ul>\n<p style=\"text-align: center;\"><a class=\"dt-btn-s dt-btn post-details details-type-btn\" href=\"https:\/\/www.itac-professional.com\/pl\/handel-detaliczny\/private-label\/\" rel=\"nofollow\">FORMATY OPAKOWA\u0143<\/a><\/p>\n<p>[\/vc_column_text][\/vc_column_inner][vc_column_inner width=\u00bb1\/2&#8243;][vc_single_image image=\u00bb5625&#8243; img_size=\u00bbfull\u00bb alignment=\u00bbcenter\u00bb][\/vc_column_inner][\/vc_row_inner][vc_row_inner equal_height=\u00bbyes\u00bb content_placement=\u00bbtop\u00bb css=\u00bb.vc_custom_1548761720006{margin-top: 0px !important;margin-right: 0px !important;margin-bottom: 0px !important;margin-left: 0px !important;}\u00bb][vc_column_inner width=\u00bb1\/2&#8243;][vc_single_image image=\u00bb5636&#8243; img_size=\u00bbfull\u00bb alignment=\u00bbcenter\u00bb][\/vc_column_inner][vc_column_inner el_class=\u00bbtextosalmendras\u00bb width=\u00bb1\/2&#8243;][vc_column_text]<\/p>\n<h3 style=\"text-align: center;\">STRATEGICZNY SOJUSZ Z SIECI\u0104 SUPERMARKET\u00d3W MERCADONA<\/h3>\n<p>Jeste\u015bmy dostawc\u0105 typu Totaler dla sieci supermarket\u00f3w MERCADONA i jej marki Hacendado w kategorii orzech\u00f3w (przek\u0105ski i cukiernictwo), owoc\u00f3w suszonych, czekolad z orzechami i gotowych spod\u00f3w mro\u017conych.<\/p>\n<p style=\"text-align: center;\"><a class=\"dt-btn-s dt-btn post-details details-type-btn\" href=\"https:\/\/www.itac-professional.com\/pl\/handel-detaliczny\/strategiczny-sojusz-z-siecia-supermarketow-mercadona\/\" rel=\"nofollow\">POZNAJ NASZE PRODUKTY<\/a><\/p>\n<p>[\/vc_column_text][\/vc_column_inner][\/vc_row_inner][vc_row_inner equal_height=\u00bbyes\u00bb content_placement=\u00bbtop\u00bb el_class=\u00bbreverse-cols\u00bb css=\u00bb.vc_custom_1548761726036{margin-top: 0px !important;margin-right: 0px !important;margin-bottom: 0px !important;margin-left: 0px !important;}\u00bb][vc_column_inner el_class=\u00bbtextosalmendras\u00bb width=\u00bb1\/2&#8243;][vc_column_text]<\/p>\n<h3 style=\"text-align: center;\">NASZA MI\u0118DZYNARODOWA MARKA<\/h3>\n<p>ITAC to marka firmy Importaco Frutos Secos przeznaczona dla zagranicznych konsument\u00f3w.<\/p>\n<p>Jej podstaw\u0119 stanowi\u0105 trzy znacz\u0105ce za\u0142o\u017cenia:<\/p>\n<ul>\n<li>Back to basics: tradycja i znajomo\u015b\u0107 pochodzenia<\/li>\n<li>Made with Love: produkcja z du\u017c\u0105 doz\u0105 mi\u0142o\u015bci i poszanowania dla produktu<\/li>\n<li>Naturalne i zdrowe<\/li>\n<\/ul>\n<p>Nasza filozofia polega na przyczynieniu si\u0119 do poprawy zdrowia i sposobu od\u017cywiania si\u0119 naszych konsument\u00f3w. Powy\u017cszy cel osi\u0105gamy za po\u015brednictwem innowacji, etycznego post\u0119powania i poszanowania \u015brodowiska naturalnego.<\/p>\n<p><a href=\"https:\/\/www.itac-food.com\"><img decoding=\"async\" class=\"aligncenter wp-image-5661 size-full\" src=\"https:\/\/www.itac-professional.com\/wp-content\/uploads\/2019\/01\/logo-itac-url.jpg\" alt=\"\" width=\"215\" height=\"86\" \/><\/a>[\/vc_column_text][\/vc_column_inner][vc_column_inner width=\u00bb1\/2&#8243;][vc_single_image image=\u00bb5659&#8243; img_size=\u00bbfull\u00bb alignment=\u00bbcenter\u00bb][\/vc_column_inner][\/vc_row_inner][\/vc_column][\/vc_row][vc_row el_class=\u00bbcta_catalogo_itac\u00bb][vc_column width=\u00bb1\/2&#8243;][vc_column_text el_class=\u00bbtitulo\u00bb]Katalog produkt\u00f3w Itac 2020[\/vc_column_text][vc_column_text el_class=\u00bbtexto\u00bb]Wszystkie nasze propozycje produktowe i ich opakowania dla handlu detalicznego.[\/vc_column_text][vc_column_text el_class=\u00bbenlace\u00bb]<a href=\"https:\/\/importaco.itac-professional.com\/pl\/odkryj-nowy-katalog-oferty-detalicznej-2020\" target=\"_blank\" rel=\"noopener noreferrer\">POBIERZ<\/a>[\/vc_column_text][\/vc_column][vc_column width=\u00bb1\/2&#8243;][\/vc_column][\/vc_row][vc_row][vc_column][vc_raw_js]JTNDc2NyaXB0JTNFJTBBalF1ZXJ5JTI4ZG9jdW1lbnQlMjkucmVhZHklMjhmdW5jdGlvbiUyOCUyOSU3QiUwQWpRdWVyeSUyOCUyNy5hZGR0b2FueV9zaGFyZV9zYXZlX2NvbnRhaW5lciUyNyUyOS5pbnNlcnRCZWZvcmUlMjglMjcuY3RhX2NhdGFsb2dvX2l0YWMlMjclMjklM0IlMEElN0QlMjklM0IlMEElM0MlMkZzY3JpcHQlM0U=[\/vc_raw_js][\/vc_column][\/vc_row]<\/p>\n<\/div>","protected":false},"excerpt":{"rendered":"<p>[vc_row full_width=\u00bbstretch_row\u00bb gap=\u00bb10&#8243; el_class=\u00bbbackgroundImgDiv Home\u00bb][vc_column][\/vc_column][\/vc_row][vc_row gap=\u00bb10&#8243; el_class=\u00bbretailHeader\u00bb][vc_column][vc_column_text] HANDEL DETALICZNY IMPORTACO TO FIRMA WYSPECJALIZOWANA W HANDLU ORZECHAMI, OWOCAMI SUSZONYMI, PRODUKTAMI W POLEWIE CZEKOLADOWEJ, PRZEK\u0104SKAMI ORAZ PODOBNYMI ARTYKU\u0141AMI. [\/vc_column_text][vc_column_text css=\u00bb.vc_custom_1550074995222{padding-right: 0px !important;padding-left: 0px !important;}\u00bb]Oferujemy opakowania w r\u00f3\u017cnych formatach, przeznaczone do domowego u\u017cytku, w szczeg\u00f3lno\u015bci dla du\u017cych dystrybutor\u00f3w. Opr\u00f3cz rozwoju naszej w\u0142asnej marki ITAC, zajmujemy si\u0119 opracowywaniem rozwi\u0105za\u0144&hellip;<\/p>\n","protected":false},"author":1,"featured_media":0,"parent":0,"menu_order":0,"comment_status":"closed","ping_status":"closed","template":"","meta":{"_acf_changed":false,"content-type":"","footnotes":"","_links_to":"","_links_to_target":""},"class_list":["post-5605","page","type-page","status-publish","hentry"],"acf":[],"yoast_head":"<!-- This site is optimized with the Yoast SEO plugin v27.3 - https:\/\/yoast.com\/product\/yoast-seo-wordpress\/ -->\n<title>\u3010Handel detaliczny i supermarkety\u3011 | Itac Professional<\/title>\n<meta name=\"description\" content=\"Jeste\u015bmy specjalistami w produkcji suszonych owoc\u00f3w, suszonych owoc\u00f3w .... dla mi\u0119dzynarodowego sektora RETAIL. Mamy kilka opcji pakowania. \u2934\ufe0f\" \/>\n<meta name=\"robots\" content=\"index, follow, max-snippet:-1, max-image-preview:large, max-video-preview:-1\" \/>\n<link rel=\"canonical\" href=\"https:\/\/www.itac-professional.com\/pl\/handel-detaliczny\/\" \/>\n<meta property=\"og:locale\" content=\"es_ES\" \/>\n<meta property=\"og:type\" content=\"article\" \/>\n<meta property=\"og:title\" content=\"\u3010Handel detaliczny i supermarkety\u3011 | Itac Professional\" \/>\n<meta property=\"og:description\" content=\"Jeste\u015bmy specjalistami w produkcji suszonych owoc\u00f3w, suszonych owoc\u00f3w .... dla mi\u0119dzynarodowego sektora RETAIL. Mamy kilka opcji pakowania. \u2934\ufe0f\" \/>\n<meta property=\"og:url\" content=\"https:\/\/www.itac-professional.com\/pl\/handel-detaliczny\/\" \/>\n<meta property=\"og:site_name\" content=\"ITAC PROFESSIONAL\" \/>\n<meta property=\"article:publisher\" content=\"https:\/\/www.facebook.com\/itacpl\/?__tn__=%2cd%2cP-R&amp;amp%3bamp%3bamp%3beid=ARDlbBGdvN1GldNhuRmgHiU6tnbbCAl9fGzcoMdXJtpaDmSPPUWNWMZggUNgE-uhlBECVQWwd8uysOwe\" \/>\n<meta property=\"article:modified_time\" content=\"2023-06-20T15:53:41+00:00\" \/>\n<meta property=\"og:image\" content=\"https:\/\/www.itac-professional.com\/wp-content\/uploads\/2019\/01\/logo-itac-url.jpg\" \/>\n<meta name=\"twitter:card\" content=\"summary_large_image\" \/>\n<meta name=\"twitter:label1\" content=\"Tiempo de lectura\" \/>\n\t<meta name=\"twitter:data1\" content=\"4 minutos\" \/>\n<script type=\"application\/ld+json\" class=\"yoast-schema-graph\">{\"@context\":\"https:\\\/\\\/schema.org\",\"@graph\":[{\"@type\":\"WebPage\",\"@id\":\"https:\\\/\\\/www.itac-professional.com\\\/pl\\\/handel-detaliczny\\\/\",\"url\":\"https:\\\/\\\/www.itac-professional.com\\\/pl\\\/handel-detaliczny\\\/\",\"name\":\"\u3010Handel detaliczny i supermarkety\u3011 | Itac Professional\",\"isPartOf\":{\"@id\":\"https:\\\/\\\/www.itac-professional.com\\\/pl\\\/#website\"},\"primaryImageOfPage\":{\"@id\":\"https:\\\/\\\/www.itac-professional.com\\\/pl\\\/handel-detaliczny\\\/#primaryimage\"},\"image\":{\"@id\":\"https:\\\/\\\/www.itac-professional.com\\\/pl\\\/handel-detaliczny\\\/#primaryimage\"},\"thumbnailUrl\":\"https:\\\/\\\/www.itac-professional.com\\\/wp-content\\\/uploads\\\/2019\\\/01\\\/logo-itac-url.jpg\",\"datePublished\":\"2019-02-13T11:45:18+00:00\",\"dateModified\":\"2023-06-20T15:53:41+00:00\",\"description\":\"Jeste\u015bmy specjalistami w produkcji suszonych owoc\u00f3w, suszonych owoc\u00f3w .... dla mi\u0119dzynarodowego sektora RETAIL. Mamy kilka opcji pakowania. \u2934\ufe0f\",\"breadcrumb\":{\"@id\":\"https:\\\/\\\/www.itac-professional.com\\\/pl\\\/handel-detaliczny\\\/#breadcrumb\"},\"inLanguage\":\"es\",\"potentialAction\":[{\"@type\":\"ReadAction\",\"target\":[\"https:\\\/\\\/www.itac-professional.com\\\/pl\\\/handel-detaliczny\\\/\"]}]},{\"@type\":\"ImageObject\",\"inLanguage\":\"es\",\"@id\":\"https:\\\/\\\/www.itac-professional.com\\\/pl\\\/handel-detaliczny\\\/#primaryimage\",\"url\":\"https:\\\/\\\/www.itac-professional.com\\\/wp-content\\\/uploads\\\/2019\\\/01\\\/logo-itac-url.jpg\",\"contentUrl\":\"https:\\\/\\\/www.itac-professional.com\\\/wp-content\\\/uploads\\\/2019\\\/01\\\/logo-itac-url.jpg\"},{\"@type\":\"BreadcrumbList\",\"@id\":\"https:\\\/\\\/www.itac-professional.com\\\/pl\\\/handel-detaliczny\\\/#breadcrumb\",\"itemListElement\":[{\"@type\":\"ListItem\",\"position\":1,\"name\":\"Inicio\",\"item\":\"https:\\\/\\\/www.itac-professional.com\\\/pl\\\/\"},{\"@type\":\"ListItem\",\"position\":2,\"name\":\"HANDEL DETALICZNY\"}]},{\"@type\":\"WebSite\",\"@id\":\"https:\\\/\\\/www.itac-professional.com\\\/pl\\\/#website\",\"url\":\"https:\\\/\\\/www.itac-professional.com\\\/pl\\\/\",\"name\":\"ITAC PROFESSIONAL\",\"description\":\"Frutos secos, frutas desecadas, snacks ...\",\"publisher\":{\"@id\":\"https:\\\/\\\/www.itac-professional.com\\\/pl\\\/#organization\"},\"potentialAction\":[{\"@type\":\"SearchAction\",\"target\":{\"@type\":\"EntryPoint\",\"urlTemplate\":\"https:\\\/\\\/www.itac-professional.com\\\/pl\\\/?s={search_term_string}\"},\"query-input\":{\"@type\":\"PropertyValueSpecification\",\"valueRequired\":true,\"valueName\":\"search_term_string\"}}],\"inLanguage\":\"es\"},{\"@type\":\"Organization\",\"@id\":\"https:\\\/\\\/www.itac-professional.com\\\/pl\\\/#organization\",\"name\":\"Itac Professional\",\"url\":\"https:\\\/\\\/www.itac-professional.com\\\/pl\\\/\",\"logo\":{\"@type\":\"ImageObject\",\"inLanguage\":\"es\",\"@id\":\"https:\\\/\\\/www.itac-professional.com\\\/pl\\\/#\\\/schema\\\/logo\\\/image\\\/\",\"url\":\"https:\\\/\\\/www.itac-professional.com\\\/wp-content\\\/uploads\\\/2018\\\/10\\\/LOGO-ITACPROF-160.png\",\"contentUrl\":\"https:\\\/\\\/www.itac-professional.com\\\/wp-content\\\/uploads\\\/2018\\\/10\\\/LOGO-ITACPROF-160.png\",\"width\":160,\"height\":80,\"caption\":\"Itac Professional\"},\"image\":{\"@id\":\"https:\\\/\\\/www.itac-professional.com\\\/pl\\\/#\\\/schema\\\/logo\\\/image\\\/\"},\"sameAs\":[\"https:\\\/\\\/www.facebook.com\\\/itacpl\\\/?__tn__=,d,P-R&amp;amp;amp;eid=ARDlbBGdvN1GldNhuRmgHiU6tnbbCAl9fGzcoMdXJtpaDmSPPUWNWMZggUNgE-uhlBECVQWwd8uysOwe\",\"https:\\\/\\\/www.linkedin.com\\\/sharing\\\/share-offsite\\\/?url=https:\\\/\\\/www.itac-professional.com\\\/retail\\\/\"]}]}<\/script>\n<!-- \/ Yoast SEO plugin. -->","yoast_head_json":{"title":"\u3010Handel detaliczny i supermarkety\u3011 | Itac Professional","description":"Jeste\u015bmy specjalistami w produkcji suszonych owoc\u00f3w, suszonych owoc\u00f3w .... dla mi\u0119dzynarodowego sektora RETAIL. Mamy kilka opcji pakowania. \u2934\ufe0f","robots":{"index":"index","follow":"follow","max-snippet":"max-snippet:-1","max-image-preview":"max-image-preview:large","max-video-preview":"max-video-preview:-1"},"canonical":"https:\/\/www.itac-professional.com\/pl\/handel-detaliczny\/","og_locale":"es_ES","og_type":"article","og_title":"\u3010Handel detaliczny i supermarkety\u3011 | Itac Professional","og_description":"Jeste\u015bmy specjalistami w produkcji suszonych owoc\u00f3w, suszonych owoc\u00f3w .... dla mi\u0119dzynarodowego sektora RETAIL. Mamy kilka opcji pakowania. \u2934\ufe0f","og_url":"https:\/\/www.itac-professional.com\/pl\/handel-detaliczny\/","og_site_name":"ITAC PROFESSIONAL","article_publisher":"https:\/\/www.facebook.com\/itacpl\/?__tn__=%2cd%2cP-R&amp%3bamp%3bamp%3beid=ARDlbBGdvN1GldNhuRmgHiU6tnbbCAl9fGzcoMdXJtpaDmSPPUWNWMZggUNgE-uhlBECVQWwd8uysOwe","article_modified_time":"2023-06-20T15:53:41+00:00","og_image":[{"url":"https:\/\/www.itac-professional.com\/wp-content\/uploads\/2019\/01\/logo-itac-url.jpg","type":"","width":"","height":""}],"twitter_card":"summary_large_image","twitter_misc":{"Tiempo de lectura":"4 minutos"},"schema":{"@context":"https:\/\/schema.org","@graph":[{"@type":"WebPage","@id":"https:\/\/www.itac-professional.com\/pl\/handel-detaliczny\/","url":"https:\/\/www.itac-professional.com\/pl\/handel-detaliczny\/","name":"\u3010Handel detaliczny i supermarkety\u3011 | Itac Professional","isPartOf":{"@id":"https:\/\/www.itac-professional.com\/pl\/#website"},"primaryImageOfPage":{"@id":"https:\/\/www.itac-professional.com\/pl\/handel-detaliczny\/#primaryimage"},"image":{"@id":"https:\/\/www.itac-professional.com\/pl\/handel-detaliczny\/#primaryimage"},"thumbnailUrl":"https:\/\/www.itac-professional.com\/wp-content\/uploads\/2019\/01\/logo-itac-url.jpg","datePublished":"2019-02-13T11:45:18+00:00","dateModified":"2023-06-20T15:53:41+00:00","description":"Jeste\u015bmy specjalistami w produkcji suszonych owoc\u00f3w, suszonych owoc\u00f3w .... dla mi\u0119dzynarodowego sektora RETAIL. Mamy kilka opcji pakowania. \u2934\ufe0f","breadcrumb":{"@id":"https:\/\/www.itac-professional.com\/pl\/handel-detaliczny\/#breadcrumb"},"inLanguage":"es","potentialAction":[{"@type":"ReadAction","target":["https:\/\/www.itac-professional.com\/pl\/handel-detaliczny\/"]}]},{"@type":"ImageObject","inLanguage":"es","@id":"https:\/\/www.itac-professional.com\/pl\/handel-detaliczny\/#primaryimage","url":"https:\/\/www.itac-professional.com\/wp-content\/uploads\/2019\/01\/logo-itac-url.jpg","contentUrl":"https:\/\/www.itac-professional.com\/wp-content\/uploads\/2019\/01\/logo-itac-url.jpg"},{"@type":"BreadcrumbList","@id":"https:\/\/www.itac-professional.com\/pl\/handel-detaliczny\/#breadcrumb","itemListElement":[{"@type":"ListItem","position":1,"name":"Inicio","item":"https:\/\/www.itac-professional.com\/pl\/"},{"@type":"ListItem","position":2,"name":"HANDEL DETALICZNY"}]},{"@type":"WebSite","@id":"https:\/\/www.itac-professional.com\/pl\/#website","url":"https:\/\/www.itac-professional.com\/pl\/","name":"ITAC PROFESSIONAL","description":"Frutos secos, frutas desecadas, snacks ...","publisher":{"@id":"https:\/\/www.itac-professional.com\/pl\/#organization"},"potentialAction":[{"@type":"SearchAction","target":{"@type":"EntryPoint","urlTemplate":"https:\/\/www.itac-professional.com\/pl\/?s={search_term_string}"},"query-input":{"@type":"PropertyValueSpecification","valueRequired":true,"valueName":"search_term_string"}}],"inLanguage":"es"},{"@type":"Organization","@id":"https:\/\/www.itac-professional.com\/pl\/#organization","name":"Itac Professional","url":"https:\/\/www.itac-professional.com\/pl\/","logo":{"@type":"ImageObject","inLanguage":"es","@id":"https:\/\/www.itac-professional.com\/pl\/#\/schema\/logo\/image\/","url":"https:\/\/www.itac-professional.com\/wp-content\/uploads\/2018\/10\/LOGO-ITACPROF-160.png","contentUrl":"https:\/\/www.itac-professional.com\/wp-content\/uploads\/2018\/10\/LOGO-ITACPROF-160.png","width":160,"height":80,"caption":"Itac Professional"},"image":{"@id":"https:\/\/www.itac-professional.com\/pl\/#\/schema\/logo\/image\/"},"sameAs":["https:\/\/www.facebook.com\/itacpl\/?__tn__=,d,P-R&amp;amp;amp;eid=ARDlbBGdvN1GldNhuRmgHiU6tnbbCAl9fGzcoMdXJtpaDmSPPUWNWMZggUNgE-uhlBECVQWwd8uysOwe","https:\/\/www.linkedin.com\/sharing\/share-offsite\/?url=https:\/\/www.itac-professional.com\/retail\/"]}]}},"_links":{"self":[{"href":"https:\/\/www.itac-professional.com\/pl\/wp-json\/wp\/v2\/pages\/5605","targetHints":{"allow":["GET"]}}],"collection":[{"href":"https:\/\/www.itac-professional.com\/pl\/wp-json\/wp\/v2\/pages"}],"about":[{"href":"https:\/\/www.itac-professional.com\/pl\/wp-json\/wp\/v2\/types\/page"}],"author":[{"embeddable":true,"href":"https:\/\/www.itac-professional.com\/pl\/wp-json\/wp\/v2\/users\/1"}],"replies":[{"embeddable":true,"href":"https:\/\/www.itac-professional.com\/pl\/wp-json\/wp\/v2\/comments?post=5605"}],"version-history":[{"count":10,"href":"https:\/\/www.itac-professional.com\/pl\/wp-json\/wp\/v2\/pages\/5605\/revisions"}],"predecessor-version":[{"id":9275,"href":"https:\/\/www.itac-professional.com\/pl\/wp-json\/wp\/v2\/pages\/5605\/revisions\/9275"}],"wp:attachment":[{"href":"https:\/\/www.itac-professional.com\/pl\/wp-json\/wp\/v2\/media?parent=5605"}],"curies":[{"name":"wp","href":"https:\/\/api.w.org\/{rel}","templated":true}]}}