{"id":5278,"date":"2018-09-17T12:06:24","date_gmt":"2018-09-17T12:06:24","guid":{"rendered":"https:\/\/itacpro.develacq.startgoconnection.es\/food-service\/frutos-secos\/"},"modified":"2023-06-30T11:42:40","modified_gmt":"2023-06-30T09:42:40","slug":"orzechy","status":"publish","type":"page","link":"https:\/\/www.itac-professional.com\/pl\/food-service\/orzechy\/","title":{"rendered":"Orzechy"},"content":{"rendered":"<div class=\"wpb-content-wrapper\"><p>[vc_row css=\u00bb.vc_custom_1537796050067{margin-top: 70px !important;}\u00bb][vc_column][vc_column_text el_class=\u00bbtitulocatalogo\u00bb]<\/p>\n<h1 style=\"text-align: center;\"><span style=\"color: #ff0000;\">BAKALIE<\/span><\/h1>\n<p>[\/vc_column_text][vc_column_text el_class=\u00bbtextocat\u00bb]Produkty stosowane jako przek\u0105ski lub sk\u0142adniki w kuchni i przemy\u015ble spo\u017cywczym. Mog\u0105 by\u0107 spo\u017cywane same lub jako dodatek. S\u0105 bogate w <strong>bia\u0142ko ro\u015blinne i b\u0142onnik<\/strong>. Mog\u0105 by\u0107 stosowane w dietach wega\u0144skich i wegetaria\u0144skich.[\/vc_column_text][\/vc_column][\/vc_row][vc_row][vc_column]<div class=\"woocommerce columns-4\"><div class=\"loading-effect-none description-under-image cart-btn-on-img cart-btn-on-hover resize-by-browser-width hide-description wc-grid dt-css-grid-wrap woo-hover wc-grid dt-products products\" data-padding=\"22px\" data-cur-page=\"1\" data-desktop-columns-num=\"4\" data-v-tablet-columns-num=\"2\" data-h-tablet-columns-num=\"3\" data-phone-columns-num=\"1\" data-width=\"220px\" data-columns=\"4\"><div class=\"dt-css-grid\"><div class=\"wf-cell visible shown\" data-post-id=\"22601\" data-date=\"2018-08-10T10:24:09+02:00\"><article class=\"post visible product type-product post-22601 status-publish first instock product_cat-almendra-espana has-post-thumbnail shipping-taxable product-type-simple\"><figure class=\"woocom-project\"><div class=\"woo-buttons-on-img\"><a href=\"https:\/\/www.itac-professional.com\/pl\/produkty\/kukurydza\/\" class=\"alignnone layzr-bg-transparent\"><img width=\"300\" height=\"300\" src=\"https:\/\/www.itac-professional.com\/wp-content\/uploads\/2018\/08\/MAIZ-300x300.png\" class=\"attachment-woocommerce_thumbnail size-woocommerce_thumbnail iso-lazy-load preload-me thumb-lazy-load-show iso-layzr-loaded\" decoding=\"async\" loading=\"lazy\" srcset=\"https:\/\/www.itac-professional.com\/wp-content\/uploads\/2018\/08\/MAIZ-300x300.png 300w, https:\/\/www.itac-professional.com\/wp-content\/uploads\/2018\/08\/MAIZ-255x300.png 200w\" sizes=\"auto, (max-width:300px) 100vw,300px\" style=\"will-change: auto;\"><\/a><\/div><figcaption class=\"woocom-list-content\"><h4 class=\"entry-title\"><a href=\"https:\/\/www.itac-professional.com\/pl\/produkty\/kukurydza\/\" rel=\"bookmark\">KUKURYDZA<\/a><\/h4><\/figcaption><\/figure><\/article><\/div><div class=\"wf-cell visible shown\" data-post-id=\"22609\" data-date=\"2018-08-09T09:03:02+02:00\"><article class=\"post visible product type-product post-22609 status-publish instock product_cat-almendra-espana has-post-thumbnail shipping-taxable product-type-simple\"><figure class=\"woocom-project\"><div class=\"woo-buttons-on-img\"><a href=\"https:\/\/www.itac-professional.com\/pl\/produkty\/migdaly\/\" class=\"alignnone layzr-bg-transparent\"><img width=\"300\" height=\"300\" src=\"https:\/\/www.itac-professional.com\/wp-content\/uploads\/2018\/08\/almendra_variasubicaciones-300x300.png\" class=\"attachment-woocommerce_thumbnail size-woocommerce_thumbnail iso-lazy-load preload-me thumb-lazy-load-show iso-layzr-loaded\" decoding=\"async\" loading=\"lazy\" srcset=\"https:\/\/www.itac-professional.com\/wp-content\/uploads\/2018\/08\/almendra_variasubicaciones-300x300.png 300w, https:\/\/www.itac-professional.com\/wp-content\/uploads\/2018\/08\/almendra_variasubicaciones-255x300.png 200w\" sizes=\"auto, (max-width:300px) 100vw,300px\" style=\"will-change: auto;\"><\/a><\/div><figcaption class=\"woocom-list-content\"><h4 class=\"entry-title\"><a href=\"https:\/\/www.itac-professional.com\/pl\/produkty\/migdaly\/\" rel=\"bookmark\">MIGDA\u0141Y<\/a><\/h4><\/figcaption><\/figure><\/article><\/div><div class=\"wf-cell visible shown\" data-post-id=\"22604\" data-date=\"2018-08-10T09:58:08+02:00\"><article class=\"post visible product type-product post-22604 status-publish instock product_cat-almendra-espana has-post-thumbnail shipping-taxable product-type-simple\"><figure class=\"woocom-project\"><div class=\"woo-buttons-on-img\"><a href=\"https:\/\/www.itac-professional.com\/pl\/produkty\/orzechy-brazylijskie\/\" class=\"alignnone layzr-bg-transparent\"><img width=\"300\" height=\"300\" src=\"https:\/\/www.itac-professional.com\/wp-content\/uploads\/2018\/08\/COQUITO-300x300.png\" class=\"attachment-woocommerce_thumbnail size-woocommerce_thumbnail iso-lazy-load preload-me thumb-lazy-load-show iso-layzr-loaded\" decoding=\"async\" loading=\"lazy\" srcset=\"https:\/\/www.itac-professional.com\/wp-content\/uploads\/2018\/08\/COQUITO-300x300.png 300w, https:\/\/www.itac-professional.com\/wp-content\/uploads\/2018\/08\/COQUITO-255x300.png 200w\" sizes=\"auto, (max-width:300px) 100vw,300px\" style=\"will-change: auto;\"><\/a><\/div><figcaption class=\"woocom-list-content\"><h4 class=\"entry-title\"><a href=\"https:\/\/www.itac-professional.com\/pl\/produkty\/orzechy-brazylijskie\/\" rel=\"bookmark\">ORZECHY BRAZYLIJSKIE<\/a><\/h4><\/figcaption><\/figure><\/article><\/div><div class=\"wf-cell visible shown\" data-post-id=\"22608\" data-date=\"2018-08-10T08:39:13+02:00\"><article class=\"post visible product type-product post-22608 status-publish instock product_cat-almendra-espana has-post-thumbnail shipping-taxable product-type-simple\"><figure class=\"woocom-project\"><div class=\"woo-buttons-on-img\"><a href=\"https:\/\/www.itac-professional.com\/pl\/produkty\/orzechy-laskowe\/\" class=\"alignnone layzr-bg-transparent\"><img width=\"300\" height=\"300\" src=\"https:\/\/www.itac-professional.com\/wp-content\/uploads\/2018\/08\/AVELLANA-300x300.png\" class=\"attachment-woocommerce_thumbnail size-woocommerce_thumbnail iso-lazy-load preload-me thumb-lazy-load-show iso-layzr-loaded\" decoding=\"async\" loading=\"lazy\" srcset=\"https:\/\/www.itac-professional.com\/wp-content\/uploads\/2018\/08\/AVELLANA-300x300.png 300w, https:\/\/www.itac-professional.com\/wp-content\/uploads\/2018\/08\/AVELLANA-255x300.png 200w\" sizes=\"auto, (max-width:300px) 100vw,300px\" style=\"will-change: auto;\"><\/a><\/div><figcaption class=\"woocom-list-content\"><h4 class=\"entry-title\"><a href=\"https:\/\/www.itac-professional.com\/pl\/produkty\/orzechy-laskowe\/\" rel=\"bookmark\">ORZECHY LASKOWE<\/a><\/h4><\/figcaption><\/figure><\/article><\/div><div class=\"wf-cell visible shown\" data-post-id=\"22603\" data-date=\"2018-08-10T10:01:17+02:00\"><article class=\"post visible product type-product post-22603 status-publish instock product_cat-almendra-espana has-post-thumbnail shipping-taxable product-type-simple\"><figure class=\"woocom-project\"><div class=\"woo-buttons-on-img\"><a href=\"https:\/\/www.itac-professional.com\/pl\/produkty\/orzechy-makadamia\/\" class=\"alignnone layzr-bg-transparent\"><img width=\"300\" height=\"300\" src=\"https:\/\/www.itac-professional.com\/wp-content\/uploads\/2018\/08\/MACADAMIA-300x300.png\" class=\"attachment-woocommerce_thumbnail size-woocommerce_thumbnail iso-lazy-load preload-me thumb-lazy-load-show iso-layzr-loaded\" decoding=\"async\" loading=\"lazy\" srcset=\"https:\/\/www.itac-professional.com\/wp-content\/uploads\/2018\/08\/MACADAMIA-300x300.png 300w, https:\/\/www.itac-professional.com\/wp-content\/uploads\/2018\/08\/MACADAMIA-255x300.png 200w\" sizes=\"auto, (max-width:300px) 100vw,300px\" style=\"will-change: auto;\"><\/a><\/div><figcaption class=\"woocom-list-content\"><h4 class=\"entry-title\"><a href=\"https:\/\/www.itac-professional.com\/pl\/produkty\/orzechy-makadamia\/\" rel=\"bookmark\">ORZECHY MAKADAMIA<\/a><\/h4><\/figcaption><\/figure><\/article><\/div><div class=\"wf-cell visible shown\" data-post-id=\"22580\" data-date=\"2018-09-26T11:47:26+02:00\"><article class=\"post visible product type-product post-22580 status-publish instock product_cat-almendra-espana has-post-thumbnail shipping-taxable product-type-simple\"><figure class=\"woocom-project\"><div class=\"woo-buttons-on-img\"><a href=\"https:\/\/www.itac-professional.com\/pl\/produkty\/orzechy-nerkowca\/\" class=\"alignnone layzr-bg-transparent\"><img width=\"300\" height=\"300\" src=\"https:\/\/www.itac-professional.com\/wp-content\/uploads\/2018\/09\/ANACARDO-300x300.png\" class=\"attachment-woocommerce_thumbnail size-woocommerce_thumbnail iso-lazy-load preload-me thumb-lazy-load-show iso-layzr-loaded\" decoding=\"async\" loading=\"lazy\" srcset=\"https:\/\/www.itac-professional.com\/wp-content\/uploads\/2018\/09\/ANACARDO-300x300.png 300w, https:\/\/www.itac-professional.com\/wp-content\/uploads\/2018\/09\/ANACARDO-255x300.png 200w\" sizes=\"auto, (max-width:300px) 100vw,300px\" style=\"will-change: auto;\"><\/a><\/div><figcaption class=\"woocom-list-content\"><h4 class=\"entry-title\"><a href=\"https:\/\/www.itac-professional.com\/pl\/produkty\/orzechy-nerkowca\/\" rel=\"bookmark\">ORZECHY NERKOWCA<\/a><\/h4><\/figcaption><\/figure><\/article><\/div><div class=\"wf-cell visible shown\" data-post-id=\"22599\" data-date=\"2018-08-10T10:27:09+02:00\"><article class=\"post visible product type-product post-22599 status-publish instock product_cat-almendra-espana has-post-thumbnail shipping-taxable product-type-simple\"><figure class=\"woocom-project\"><div class=\"woo-buttons-on-img\"><a href=\"https:\/\/www.itac-professional.com\/pl\/produkty\/orzechy-wloskie\/\" class=\"alignnone layzr-bg-transparent\"><img width=\"300\" height=\"300\" src=\"https:\/\/www.itac-professional.com\/wp-content\/uploads\/2018\/08\/NUEZ_CASCARA-300x300.png\" class=\"attachment-woocommerce_thumbnail size-woocommerce_thumbnail iso-lazy-load preload-me thumb-lazy-load-show iso-layzr-loaded\" decoding=\"async\" loading=\"lazy\" srcset=\"https:\/\/www.itac-professional.com\/wp-content\/uploads\/2018\/08\/NUEZ_CASCARA-300x300.png 300w, https:\/\/www.itac-professional.com\/wp-content\/uploads\/2018\/08\/NUEZ_CASCARA-255x300.png 200w\" sizes=\"auto, (max-width:300px) 100vw,300px\" style=\"will-change: auto;\"><\/a><\/div><figcaption class=\"woocom-list-content\"><h4 class=\"entry-title\"><a href=\"https:\/\/www.itac-professional.com\/pl\/produkty\/orzechy-wloskie\/\" rel=\"bookmark\">ORZECHY W\u0141OSKIE<\/a><\/h4><\/figcaption><\/figure><\/article><\/div><div class=\"wf-cell visible shown\" data-post-id=\"22579\" data-date=\"2018-10-02T10:56:24+02:00\"><article class=\"post visible product type-product post-22579 status-publish instock product_cat-almendra-espana has-post-thumbnail shipping-taxable product-type-simple\"><figure class=\"woocom-project\"><div class=\"woo-buttons-on-img\"><a href=\"https:\/\/www.itac-professional.com\/pl\/produkty\/orzechy-wloskie-luskane-2\/\" class=\"alignnone layzr-bg-transparent\"><img width=\"300\" height=\"300\" src=\"https:\/\/www.itac-professional.com\/wp-content\/uploads\/2018\/10\/NUEZ_MONDADA-300x300.png\" class=\"attachment-woocommerce_thumbnail size-woocommerce_thumbnail iso-lazy-load preload-me thumb-lazy-load-show iso-layzr-loaded\" decoding=\"async\" loading=\"lazy\" srcset=\"https:\/\/www.itac-professional.com\/wp-content\/uploads\/2018\/10\/NUEZ_MONDADA-300x300.png 300w, https:\/\/www.itac-professional.com\/wp-content\/uploads\/2018\/10\/NUEZ_MONDADA-255x300.png 200w\" sizes=\"auto, (max-width:300px) 100vw,300px\" style=\"will-change: auto;\"><\/a><\/div><figcaption class=\"woocom-list-content\"><h4 class=\"entry-title\"><a href=\"https:\/\/www.itac-professional.com\/pl\/produkty\/orzechy-wloskie-luskane-2\/\" rel=\"bookmark\">ORZECHY W\u0141OSKIE \u0141USKANE<\/a><\/h4><\/figcaption><\/figure><\/article><\/div><div class=\"wf-cell visible shown\" data-post-id=\"22598\" data-date=\"2018-08-10T10:30:48+02:00\"><article class=\"post visible product type-product post-22598 status-publish instock product_cat-almendra-espana has-post-thumbnail shipping-taxable product-type-simple\"><figure class=\"woocom-project\"><div class=\"woo-buttons-on-img\"><a href=\"https:\/\/www.itac-professional.com\/pl\/produkty\/orzeszki-piniowe\/\" class=\"alignnone layzr-bg-transparent\"><img width=\"300\" height=\"300\" src=\"https:\/\/www.itac-professional.com\/wp-content\/uploads\/2018\/08\/PI\u00d1ON-300x300.png\" class=\"attachment-woocommerce_thumbnail size-woocommerce_thumbnail iso-lazy-load preload-me thumb-lazy-load-show iso-layzr-loaded\" decoding=\"async\" loading=\"lazy\" srcset=\"https:\/\/www.itac-professional.com\/wp-content\/uploads\/2018\/08\/PI\u00d1ON-300x300.png 300w, https:\/\/www.itac-professional.com\/wp-content\/uploads\/2018\/08\/PI\u00d1ON-255x300.png 200w\" sizes=\"auto, (max-width:300px) 100vw,300px\" style=\"will-change: auto;\"><\/a><\/div><figcaption class=\"woocom-list-content\"><h4 class=\"entry-title\"><a href=\"https:\/\/www.itac-professional.com\/pl\/produkty\/orzeszki-piniowe\/\" rel=\"bookmark\">ORZESZKI PINIOWE<\/a><\/h4><\/figcaption><\/figure><\/article><\/div><div class=\"wf-cell visible shown\" data-post-id=\"22606\" data-date=\"2018-08-10T09:32:56+02:00\"><article class=\"post visible product type-product post-22606 status-publish instock product_cat-almendra-espana has-post-thumbnail shipping-taxable product-type-simple\"><figure class=\"woocom-project\"><div class=\"woo-buttons-on-img\"><a href=\"https:\/\/www.itac-professional.com\/pl\/produkty\/orzeszki-ziemne\/\" class=\"alignnone layzr-bg-transparent\"><img width=\"300\" height=\"300\" src=\"https:\/\/www.itac-professional.com\/wp-content\/uploads\/2018\/08\/CACAHUETE-300x300.png\" class=\"attachment-woocommerce_thumbnail size-woocommerce_thumbnail iso-lazy-load preload-me thumb-lazy-load-show iso-layzr-loaded\" decoding=\"async\" loading=\"lazy\" srcset=\"https:\/\/www.itac-professional.com\/wp-content\/uploads\/2018\/08\/CACAHUETE-300x300.png 300w, https:\/\/www.itac-professional.com\/wp-content\/uploads\/2018\/08\/CACAHUETE-255x300.png 200w\" sizes=\"auto, (max-width:300px) 100vw,300px\" style=\"will-change: auto;\"><\/a><\/div><figcaption class=\"woocom-list-content\"><h4 class=\"entry-title\"><a href=\"https:\/\/www.itac-professional.com\/pl\/produkty\/orzeszki-ziemne\/\" rel=\"bookmark\">ORZESZKI ZIEMNE<\/a><\/h4><\/figcaption><\/figure><\/article><\/div><div class=\"wf-cell visible shown\" data-post-id=\"22596\" data-date=\"2018-08-10T10:35:34+02:00\"><article class=\"post visible product type-product post-22596 status-publish instock product_cat-almendra-espana has-post-thumbnail shipping-taxable product-type-simple\"><figure class=\"woocom-project\"><div class=\"woo-buttons-on-img\"><a href=\"https:\/\/www.itac-professional.com\/pl\/produkty\/pestki-dyni\/\" class=\"alignnone layzr-bg-transparent\"><img width=\"300\" height=\"300\" src=\"https:\/\/www.itac-professional.com\/wp-content\/uploads\/2018\/08\/PIPA_DE_CALABAZA-300x300.png\" class=\"attachment-woocommerce_thumbnail size-woocommerce_thumbnail iso-lazy-load preload-me thumb-lazy-load-show iso-layzr-loaded\" decoding=\"async\" loading=\"lazy\" srcset=\"https:\/\/www.itac-professional.com\/wp-content\/uploads\/2018\/08\/PIPA_DE_CALABAZA-300x300.png 300w, https:\/\/www.itac-professional.com\/wp-content\/uploads\/2018\/08\/PIPA_DE_CALABAZA-255x300.png 200w\" sizes=\"auto, (max-width:300px) 100vw,300px\" style=\"will-change: auto;\"><\/a><\/div><figcaption class=\"woocom-list-content\"><h4 class=\"entry-title\"><a href=\"https:\/\/www.itac-professional.com\/pl\/produkty\/pestki-dyni\/\" rel=\"bookmark\">PESTKI DYNI<\/a><\/h4><\/figcaption><\/figure><\/article><\/div><div class=\"wf-cell visible shown\" data-post-id=\"22597\" data-date=\"2018-08-10T10:33:00+02:00\"><article class=\"post visible product type-product post-22597 status-publish instock product_cat-almendra-espana has-post-thumbnail shipping-taxable product-type-simple\"><figure class=\"woocom-project\"><div class=\"woo-buttons-on-img\"><a href=\"https:\/\/www.itac-professional.com\/pl\/produkty\/pistacje\/\" class=\"alignnone layzr-bg-transparent\"><img width=\"300\" height=\"300\" src=\"https:\/\/www.itac-professional.com\/wp-content\/uploads\/2018\/08\/PISTACHO-300x300.png\" class=\"attachment-woocommerce_thumbnail size-woocommerce_thumbnail iso-lazy-load preload-me thumb-lazy-load-show iso-layzr-loaded\" decoding=\"async\" loading=\"lazy\" srcset=\"https:\/\/www.itac-professional.com\/wp-content\/uploads\/2018\/08\/PISTACHO-300x300.png 300w, https:\/\/www.itac-professional.com\/wp-content\/uploads\/2018\/08\/PISTACHO-255x300.png 200w\" sizes=\"auto, (max-width:300px) 100vw,300px\" style=\"will-change: auto;\"><\/a><\/div><figcaption class=\"woocom-list-content\"><h4 class=\"entry-title\"><a href=\"https:\/\/www.itac-professional.com\/pl\/produkty\/pistacje\/\" rel=\"bookmark\">PISTACJE<\/a><\/h4><\/figcaption><\/figure><\/article><\/div><div class=\"wf-cell visible shown\" data-post-id=\"22578\" data-date=\"2018-10-02T10:57:26+02:00\"><article class=\"post visible product type-product post-22578 status-publish instock product_cat-almendra-espana has-post-thumbnail shipping-taxable product-type-simple\"><figure class=\"woocom-project\"><div class=\"woo-buttons-on-img\"><a href=\"https:\/\/www.itac-professional.com\/pl\/produkty\/pistacje-luskane\/\" class=\"alignnone layzr-bg-transparent\"><img width=\"300\" height=\"300\" src=\"https:\/\/www.itac-professional.com\/wp-content\/uploads\/2018\/10\/PISTACHO_MONDADO-300x300.png\" class=\"attachment-woocommerce_thumbnail size-woocommerce_thumbnail iso-lazy-load preload-me thumb-lazy-load-show iso-layzr-loaded\" decoding=\"async\" loading=\"lazy\" srcset=\"https:\/\/www.itac-professional.com\/wp-content\/uploads\/2018\/10\/PISTACHO_MONDADO-300x300.png 300w, https:\/\/www.itac-professional.com\/wp-content\/uploads\/2018\/10\/PISTACHO_MONDADO-255x300.png 200w\" sizes=\"auto, (max-width:300px) 100vw,300px\" style=\"will-change: auto;\"><\/a><\/div><figcaption class=\"woocom-list-content\"><h4 class=\"entry-title\"><a href=\"https:\/\/www.itac-professional.com\/pl\/produkty\/pistacje-luskane\/\" rel=\"bookmark\">PISTACJE \u0141USKANE<\/a><\/h4><\/figcaption><\/figure><\/article><\/div><div class=\"wf-cell visible shown\" data-post-id=\"22607\" data-date=\"2018-08-10T08:47:06+02:00\"><article class=\"post visible product type-product post-22607 status-publish instock product_cat-almendra-espana has-post-thumbnail shipping-taxable product-type-simple\"><figure class=\"woocom-project\"><div class=\"woo-buttons-on-img\"><a href=\"https:\/\/www.itac-professional.com\/pl\/produkty\/przetworzone-migdaly\/\" class=\"alignnone layzr-bg-transparent\"><img width=\"300\" height=\"300\" src=\"https:\/\/www.itac-professional.com\/wp-content\/uploads\/2018\/08\/ALMENDRA_PROCESADA-300x300.png\" class=\"attachment-woocommerce_thumbnail size-woocommerce_thumbnail iso-lazy-load preload-me thumb-lazy-load-show iso-layzr-loaded\" decoding=\"async\" loading=\"lazy\" srcset=\"https:\/\/www.itac-professional.com\/wp-content\/uploads\/2018\/08\/ALMENDRA_PROCESADA-300x300.png 300w, https:\/\/www.itac-professional.com\/wp-content\/uploads\/2018\/08\/ALMENDRA_PROCESADA-255x300.png 200w\" sizes=\"auto, (max-width:300px) 100vw,300px\" style=\"will-change: auto;\"><\/a><\/div><figcaption class=\"woocom-list-content\"><h4 class=\"entry-title\"><a href=\"https:\/\/www.itac-professional.com\/pl\/produkty\/przetworzone-migdaly\/\" rel=\"bookmark\">PRZETWORZONE MIGDA\u0141Y<\/a><\/h4><\/figcaption><\/figure><\/article><\/div><div class=\"wf-cell visible shown\" data-post-id=\"22605\" data-date=\"2018-08-10T09:54:50+02:00\"><article class=\"post visible product type-product post-22605 status-publish instock product_cat-almendra-espana has-post-thumbnail shipping-taxable product-type-simple\"><figure class=\"woocom-project\"><div class=\"woo-buttons-on-img\"><a href=\"https:\/\/www.itac-professional.com\/pl\/produkty\/przetworzone-orzeszki-ziemne\/\" class=\"alignnone layzr-bg-transparent\"><img width=\"300\" height=\"300\" src=\"https:\/\/www.itac-professional.com\/wp-content\/uploads\/2018\/08\/CACAHUETE_PROCESADO-300x300.png\" class=\"attachment-woocommerce_thumbnail size-woocommerce_thumbnail iso-lazy-load preload-me thumb-lazy-load-show iso-layzr-loaded\" decoding=\"async\" loading=\"lazy\" srcset=\"https:\/\/www.itac-professional.com\/wp-content\/uploads\/2018\/08\/CACAHUETE_PROCESADO-300x300.png 300w, https:\/\/www.itac-professional.com\/wp-content\/uploads\/2018\/08\/CACAHUETE_PROCESADO-255x300.png 200w\" sizes=\"auto, (max-width:300px) 100vw,300px\" style=\"will-change: auto;\"><\/a><\/div><figcaption class=\"woocom-list-content\"><h4 class=\"entry-title\"><a href=\"https:\/\/www.itac-professional.com\/pl\/produkty\/przetworzone-orzeszki-ziemne\/\" rel=\"bookmark\">PRZETWORZONE ORZESZKI ZIEMNE<\/a><\/h4><\/figcaption><\/figure><\/article><\/div><div class=\"wf-cell visible shown\" data-post-id=\"22595\" data-date=\"2018-08-10T10:38:30+02:00\"><article class=\"post visible product type-product post-22595 status-publish last instock product_cat-almendra-espana has-post-thumbnail shipping-taxable product-type-simple\"><figure class=\"woocom-project\"><div class=\"woo-buttons-on-img\"><a href=\"https:\/\/www.itac-professional.com\/pl\/produkty\/ziarna-slonecznika\/\" class=\"alignnone layzr-bg-transparent\"><img width=\"300\" height=\"300\" src=\"https:\/\/www.itac-professional.com\/wp-content\/uploads\/2018\/08\/PIPA_DE_GIRASOL-300x300.png\" class=\"attachment-woocommerce_thumbnail size-woocommerce_thumbnail iso-lazy-load preload-me thumb-lazy-load-show iso-layzr-loaded\" decoding=\"async\" loading=\"lazy\" srcset=\"https:\/\/www.itac-professional.com\/wp-content\/uploads\/2018\/08\/PIPA_DE_GIRASOL-300x300.png 300w, https:\/\/www.itac-professional.com\/wp-content\/uploads\/2018\/08\/PIPA_DE_GIRASOL-255x300.png 200w\" sizes=\"auto, (max-width:300px) 100vw,300px\" style=\"will-change: auto;\"><\/a><\/div><figcaption class=\"woocom-list-content\"><h4 class=\"entry-title\"><a href=\"https:\/\/www.itac-professional.com\/pl\/produkty\/ziarna-slonecznika\/\" rel=\"bookmark\">ZIARNA S\u0141ONECZNIKA<\/a><\/h4><\/figcaption><\/figure><\/article><\/div><\/div><\/div><\/div>[\/vc_column][\/vc_row][vc_row][vc_column][vc_text_separator title=\u00bbBEZ DODATKU SOLI\u00bb color=\u00bbsky\u00bb css=\u00bb.vc_custom_1548162227292{margin-top: 50px !important;}\u00bb el_class=\u00bbseparadorcategorias\u00bb][vc_column_text el_class=\u00bbtextocat\u00bb]Orzechy surowe lub przetworzone bez dodatku soli, z zawarto\u015bci\u0105 sodu obecnego naturalnie w surowym produkcie. Mog\u0105 by\u0107 stosowane we wszelkiego rodzaju dietach.[\/vc_column_text]<div class=\"woocommerce columns-4\"><div class=\"loading-effect-none description-under-image cart-btn-on-img cart-btn-on-hover resize-by-browser-width hide-description wc-grid dt-css-grid-wrap woo-hover wc-grid dt-products products\" data-padding=\"22px\" data-cur-page=\"1\" data-desktop-columns-num=\"4\" data-v-tablet-columns-num=\"2\" data-h-tablet-columns-num=\"3\" data-phone-columns-num=\"1\" data-width=\"220px\" data-columns=\"4\"><div class=\"dt-css-grid\"><div class=\"wf-cell visible shown\" data-post-id=\"22591\" data-date=\"2018-08-10T10:45:49+02:00\"><article class=\"post visible product type-product post-22591 status-publish first instock product_cat-almendra-espana has-post-thumbnail shipping-taxable product-type-simple\"><figure class=\"woocom-project\"><div class=\"woo-buttons-on-img\"><a href=\"#\" class=\"alignnone layzr-bg-transparent\" style=\"cursor:default\"><img width=\"300\" height=\"300\" src=\"https:\/\/www.itac-professional.com\/wp-content\/uploads\/2019\/02\/ALMENDRA-COMUNA-TOST-300x300.jpg\" class=\"attachment-woocommerce_thumbnail size-woocommerce_thumbnail iso-lazy-load preload-me thumb-lazy-load-show iso-layzr-loaded\" decoding=\"async\" loading=\"lazy\" srcset=\"https:\/\/www.itac-professional.com\/wp-content\/uploads\/2019\/02\/ALMENDRA-COMUNA-TOST-300x300.jpg 300w, https:\/\/www.itac-professional.com\/wp-content\/uploads\/2019\/02\/ALMENDRA-COMUNA-TOST-300x300.jpg 200w\" sizes=\"auto, (max-width:300px) 100vw,300px\" style=\"will-change: auto;\"><\/a><\/div><figcaption class=\"woocom-list-content\"><h4 class=\"entry-title\"><span class=\"sinsal\">NIESOLONE<\/span> PRA\u017bONE MIGDA\u0141Y<\/h4><\/figcaption><\/figure><\/article><\/div><div class=\"wf-cell visible shown\" data-post-id=\"22588\" data-date=\"2018-08-10T11:08:56+02:00\"><article class=\"post visible product type-product post-22588 status-publish instock product_cat-almendra-espana has-post-thumbnail shipping-taxable product-type-simple\"><figure class=\"woocom-project\"><div class=\"woo-buttons-on-img\"><a href=\"#\" class=\"alignnone layzr-bg-transparent\" style=\"cursor:default\"><img width=\"300\" height=\"300\" src=\"https:\/\/www.itac-professional.com\/wp-content\/uploads\/2019\/02\/ANACARDO-TOSTADO-SIN-300x300.jpg\" class=\"attachment-woocommerce_thumbnail size-woocommerce_thumbnail iso-lazy-load preload-me thumb-lazy-load-show iso-layzr-loaded\" decoding=\"async\" loading=\"lazy\" srcset=\"https:\/\/www.itac-professional.com\/wp-content\/uploads\/2019\/02\/ANACARDO-TOSTADO-SIN-300x300.jpg 300w, https:\/\/www.itac-professional.com\/wp-content\/uploads\/2019\/02\/ANACARDO-TOSTADO-SIN-300x300.jpg 200w\" sizes=\"auto, (max-width:300px) 100vw,300px\" style=\"will-change: auto;\"><\/a><\/div><figcaption class=\"woocom-list-content\"><h4 class=\"entry-title\"><span class=\"sinsal\">NIESOLONE<\/span> PRA\u017bONE ORZECHY NERKOWCA<\/h4><\/figcaption><\/figure><\/article><\/div><div class=\"wf-cell visible shown\" data-post-id=\"22590\" data-date=\"2018-08-10T10:51:43+02:00\"><article class=\"post visible product type-product post-22590 status-publish instock product_cat-almendra-espana has-post-thumbnail shipping-taxable product-type-simple\"><figure class=\"woocom-project\"><div class=\"woo-buttons-on-img\"><a href=\"#\" class=\"alignnone layzr-bg-transparent\" style=\"cursor:default\"><img width=\"300\" height=\"300\" src=\"https:\/\/www.itac-professional.com\/wp-content\/uploads\/2019\/02\/CACAHUETE-REPELADO-TO-300x300.jpg\" class=\"attachment-woocommerce_thumbnail size-woocommerce_thumbnail iso-lazy-load preload-me thumb-lazy-load-show iso-layzr-loaded\" decoding=\"async\" loading=\"lazy\" srcset=\"https:\/\/www.itac-professional.com\/wp-content\/uploads\/2019\/02\/CACAHUETE-REPELADO-TO-300x300.jpg 300w, https:\/\/www.itac-professional.com\/wp-content\/uploads\/2019\/02\/CACAHUETE-REPELADO-TO-300x300.jpg 200w\" sizes=\"auto, (max-width:300px) 100vw,300px\" style=\"will-change: auto;\"><\/a><\/div><figcaption class=\"woocom-list-content\"><h4 class=\"entry-title\"><span class=\"sinsal\">NIESOLONE<\/span> PRA\u017bONE ORZESZKI ZIEMNE BEZ SK\u00d3RKI<\/h4><\/figcaption><\/figure><\/article><\/div><div class=\"wf-cell visible shown\" data-post-id=\"22589\" data-date=\"2018-08-10T11:06:41+02:00\"><article class=\"post visible product type-product post-22589 status-publish instock product_cat-almendra-espana has-post-thumbnail shipping-taxable product-type-simple\"><figure class=\"woocom-project\"><div class=\"woo-buttons-on-img\"><a href=\"#\" class=\"alignnone layzr-bg-transparent\" style=\"cursor:default\"><img width=\"300\" height=\"300\" src=\"https:\/\/www.itac-professional.com\/wp-content\/uploads\/2019\/02\/pistachos-300x300.jpg\" class=\"attachment-woocommerce_thumbnail size-woocommerce_thumbnail iso-lazy-load preload-me thumb-lazy-load-show iso-layzr-loaded\" decoding=\"async\" loading=\"lazy\" srcset=\"https:\/\/www.itac-professional.com\/wp-content\/uploads\/2019\/02\/pistachos-300x300.jpg 300w, https:\/\/www.itac-professional.com\/wp-content\/uploads\/2019\/02\/pistachos-300x300.jpg 200w\" sizes=\"auto, (max-width:300px) 100vw,300px\" style=\"will-change: auto;\"><\/a><\/div><figcaption class=\"woocom-list-content\"><h4 class=\"entry-title\"><span class=\"sinsal\">NIESOLONE<\/span> PRA\u017bONE PISTACJE<\/h4><\/figcaption><\/figure><\/article><\/div><div class=\"wf-cell visible shown\" data-post-id=\"22592\" data-date=\"2018-08-10T10:43:31+02:00\"><article class=\"post visible product type-product post-22592 status-publish instock product_cat-almendra-espana has-post-thumbnail shipping-taxable product-type-simple\"><figure class=\"woocom-project\"><div class=\"woo-buttons-on-img\"><a href=\"#\" class=\"alignnone layzr-bg-transparent\" style=\"cursor:default\"><img width=\"300\" height=\"300\" src=\"https:\/\/www.itac-professional.com\/wp-content\/uploads\/2019\/02\/PIPA-DE-CALABAZA-TOS-300x300.jpg\" class=\"attachment-woocommerce_thumbnail size-woocommerce_thumbnail iso-lazy-load preload-me thumb-lazy-load-show iso-layzr-loaded\" decoding=\"async\" loading=\"lazy\" srcset=\"https:\/\/www.itac-professional.com\/wp-content\/uploads\/2019\/02\/PIPA-DE-CALABAZA-TOS-300x300.jpg 300w, https:\/\/www.itac-professional.com\/wp-content\/uploads\/2019\/02\/PIPA-DE-CALABAZA-TOS-300x300.jpg 200w\" sizes=\"auto, (max-width:300px) 100vw,300px\" style=\"will-change: auto;\"><\/a><\/div><figcaption class=\"woocom-list-content\"><h4 class=\"entry-title\"><span class=\"sinsal\">NIESOLONE<\/span> PRA\u017bONE ZIARNA DYNI<\/h4><\/figcaption><\/figure><\/article><\/div><div class=\"wf-cell visible shown\" data-post-id=\"22594\" data-date=\"2018-08-10T10:41:51+02:00\"><article class=\"post visible product type-product post-22594 status-publish last instock product_cat-almendra-espana has-post-thumbnail shipping-taxable product-type-simple\"><figure class=\"woocom-project\"><div class=\"woo-buttons-on-img\"><a href=\"#\" class=\"alignnone layzr-bg-transparent\" style=\"cursor:default\"><img width=\"300\" height=\"300\" src=\"https:\/\/www.itac-professional.com\/wp-content\/uploads\/2019\/02\/PIPA-DE-GIRASOL-TOST-300x300.jpg\" class=\"attachment-woocommerce_thumbnail size-woocommerce_thumbnail iso-lazy-load preload-me thumb-lazy-load-show iso-layzr-loaded\" decoding=\"async\" loading=\"lazy\" srcset=\"https:\/\/www.itac-professional.com\/wp-content\/uploads\/2019\/02\/PIPA-DE-GIRASOL-TOST-300x300.jpg 300w, https:\/\/www.itac-professional.com\/wp-content\/uploads\/2019\/02\/PIPA-DE-GIRASOL-TOST-300x300.jpg 200w\" sizes=\"auto, (max-width:300px) 100vw,300px\" style=\"will-change: auto;\"><\/a><\/div><figcaption class=\"woocom-list-content\"><h4 class=\"entry-title\"><span class=\"sinsal\">NIESOLONE<\/span> PRA\u017bONE ZIARNA S\u0141ONECZNIKA<\/h4><\/figcaption><\/figure><\/article><\/div><\/div><\/div><\/div>[\/vc_column][\/vc_row][vc_row][vc_column][vc_text_separator title=\u00bbEKOLOGICZNE ORZECHY\u00bb color=\u00bbgreen\u00bb css=\u00bb.vc_custom_1550226345455{margin-top: 50px !important;}\u00bb el_class=\u00bbseparadorbiocategorias\u00bb]<div class=\"woocommerce columns-4\"><div class=\"loading-effect-none description-under-image cart-btn-on-img cart-btn-on-hover resize-by-browser-width hide-description wc-grid dt-css-grid-wrap woo-hover wc-grid dt-products products\" data-padding=\"22px\" data-cur-page=\"1\" data-desktop-columns-num=\"4\" data-v-tablet-columns-num=\"2\" data-h-tablet-columns-num=\"3\" data-phone-columns-num=\"1\" data-width=\"220px\" data-columns=\"4\"><div class=\"dt-css-grid\"><div class=\"wf-cell visible shown\" data-post-id=\"22577\" data-date=\"2018-10-02T11:03:25+02:00\"><article class=\"post visible product type-product post-22577 status-publish first last instock product_cat-almendra-espana has-post-thumbnail shipping-taxable product-type-simple\"><figure class=\"woocom-project\"><div class=\"woo-buttons-on-img\"><a href=\"https:\/\/www.itac-professional.com\/pl\/produkty\/surowe-migdaly-ze-skorka-hiszpania-organiczne-2\/\" class=\"alignnone layzr-bg-transparent\"><img width=\"300\" height=\"300\" src=\"https:\/\/www.itac-professional.com\/wp-content\/uploads\/2018\/10\/ALMENDRA-PIEL-ECO.png\" class=\"attachment-woocommerce_thumbnail size-woocommerce_thumbnail iso-lazy-load preload-me thumb-lazy-load-show iso-layzr-loaded\" decoding=\"async\" loading=\"lazy\" srcset=\"https:\/\/www.itac-professional.com\/wp-content\/uploads\/2018\/10\/ALMENDRA-PIEL-ECO.png 300w, https:\/\/www.itac-professional.com\/wp-content\/uploads\/2018\/10\/ALMENDRA-PIEL-ECO-300x300.png 200w\" sizes=\"auto, (max-width:300px) 100vw,300px\" style=\"will-change: auto;\"><\/a><\/div><figcaption class=\"woocom-list-content\"><h4 class=\"entry-title\"><a href=\"https:\/\/www.itac-professional.com\/pl\/produkty\/surowe-migdaly-ze-skorka-hiszpania-organiczne-2\/\" rel=\"bookmark\">SUROWE MIGDA\u0141Y ZE SK\u00d3RK\u0104 HISZPANIA \u2013 <span class=\"eco\">ORGANICZNE<\/span><\/a><\/h4><\/figcaption><\/figure><\/article><\/div><\/div><\/div><\/div>[\/vc_column][\/vc_row]<\/p>\n<\/div>","protected":false},"excerpt":{"rendered":"<p>[vc_row css=\u00bb.vc_custom_1537796050067{margin-top: 70px !important;}\u00bb][vc_column][vc_column_text el_class=\u00bbtitulocatalogo\u00bb] BAKALIE [\/vc_column_text][vc_column_text el_class=\u00bbtextocat\u00bb]Produkty stosowane jako przek\u0105ski lub sk\u0142adniki w kuchni i przemy\u015ble spo\u017cywczym. Mog\u0105 by\u0107 spo\u017cywane same lub jako dodatek. S\u0105 bogate w bia\u0142ko ro\u015blinne i b\u0142onnik. Mog\u0105 by\u0107 stosowane w dietach wega\u0144skich i wegetaria\u0144skich.[\/vc_column_text][\/vc_column][\/vc_row][vc_row][vc_column][\/vc_column][\/vc_row][vc_row][vc_column][vc_text_separator title=\u00bbBEZ DODATKU SOLI\u00bb color=\u00bbsky\u00bb css=\u00bb.vc_custom_1548162227292{margin-top: 50px !important;}\u00bb el_class=\u00bbseparadorcategorias\u00bb][vc_column_text el_class=\u00bbtextocat\u00bb]Orzechy surowe lub przetworzone bez dodatku soli,&hellip;<\/p>\n","protected":false},"author":1,"featured_media":0,"parent":5217,"menu_order":0,"comment_status":"closed","ping_status":"closed","template":"","meta":{"_acf_changed":false,"content-type":"","footnotes":"","_links_to":"","_links_to_target":""},"class_list":["post-5278","page","type-page","status-publish","hentry"],"acf":[],"yoast_head":"<!-- This site is optimized with the Yoast SEO plugin v27.3 - https:\/\/yoast.com\/product\/yoast-seo-wordpress\/ -->\n<title>\u3010Przek\u0105ski i orzechy naturalne\u3011 | Itac Professional<\/title>\n<meta name=\"description\" content=\"Nasze orzechy i suszone owoce s\u0105 naturalne i bez dodatku soli, bogate w bia\u0142ko i b\u0142onnik, odpowiednie dla wegetarian i wegan. wzbogacenia Twojej diety! \u2934\ufe0f\" \/>\n<meta name=\"robots\" content=\"index, follow, max-snippet:-1, max-image-preview:large, max-video-preview:-1\" \/>\n<link rel=\"canonical\" href=\"https:\/\/www.itac-professional.com\/pl\/food-service\/orzechy\/\" \/>\n<meta property=\"og:locale\" content=\"es_ES\" \/>\n<meta property=\"og:type\" content=\"article\" \/>\n<meta property=\"og:title\" content=\"\u3010Przek\u0105ski i orzechy naturalne\u3011 | Itac Professional\" \/>\n<meta property=\"og:description\" content=\"Nasze orzechy i suszone owoce s\u0105 naturalne i bez dodatku soli, bogate w bia\u0142ko i b\u0142onnik, odpowiednie dla wegetarian i wegan. wzbogacenia Twojej diety! \u2934\ufe0f\" \/>\n<meta property=\"og:url\" content=\"https:\/\/www.itac-professional.com\/pl\/food-service\/orzechy\/\" \/>\n<meta property=\"og:site_name\" content=\"ITAC PROFESSIONAL\" \/>\n<meta property=\"article:publisher\" content=\"https:\/\/www.facebook.com\/itacpl\/?__tn__=%2cd%2cP-R&amp;amp%3bamp%3bamp%3beid=ARDlbBGdvN1GldNhuRmgHiU6tnbbCAl9fGzcoMdXJtpaDmSPPUWNWMZggUNgE-uhlBECVQWwd8uysOwe\" \/>\n<meta property=\"article:modified_time\" content=\"2023-06-30T09:42:40+00:00\" \/>\n<meta name=\"twitter:card\" content=\"summary_large_image\" \/>\n<meta name=\"twitter:label1\" content=\"Tiempo de lectura\" \/>\n\t<meta name=\"twitter:data1\" content=\"1 minuto\" \/>\n<script type=\"application\/ld+json\" class=\"yoast-schema-graph\">{\"@context\":\"https:\\\/\\\/schema.org\",\"@graph\":[{\"@type\":\"WebPage\",\"@id\":\"https:\\\/\\\/www.itac-professional.com\\\/pl\\\/food-service\\\/orzechy\\\/\",\"url\":\"https:\\\/\\\/www.itac-professional.com\\\/pl\\\/food-service\\\/orzechy\\\/\",\"name\":\"\u3010Przek\u0105ski i orzechy naturalne\u3011 | Itac Professional\",\"isPartOf\":{\"@id\":\"https:\\\/\\\/www.itac-professional.com\\\/pl\\\/#website\"},\"datePublished\":\"2018-09-17T12:06:24+00:00\",\"dateModified\":\"2023-06-30T09:42:40+00:00\",\"description\":\"Nasze orzechy i suszone owoce s\u0105 naturalne i bez dodatku soli, bogate w bia\u0142ko i b\u0142onnik, odpowiednie dla wegetarian i wegan. wzbogacenia Twojej diety! \u2934\ufe0f\",\"breadcrumb\":{\"@id\":\"https:\\\/\\\/www.itac-professional.com\\\/pl\\\/food-service\\\/orzechy\\\/#breadcrumb\"},\"inLanguage\":\"es\",\"potentialAction\":[{\"@type\":\"ReadAction\",\"target\":[\"https:\\\/\\\/www.itac-professional.com\\\/pl\\\/food-service\\\/orzechy\\\/\"]}]},{\"@type\":\"BreadcrumbList\",\"@id\":\"https:\\\/\\\/www.itac-professional.com\\\/pl\\\/food-service\\\/orzechy\\\/#breadcrumb\",\"itemListElement\":[{\"@type\":\"ListItem\",\"position\":1,\"name\":\"Inicio\",\"item\":\"https:\\\/\\\/www.itac-professional.com\\\/pl\\\/\"},{\"@type\":\"ListItem\",\"position\":2,\"name\":\"Food Service\",\"item\":\"https:\\\/\\\/www.itac-professional.com\\\/pl\\\/food-service\\\/\"},{\"@type\":\"ListItem\",\"position\":3,\"name\":\"Orzechy\"}]},{\"@type\":\"WebSite\",\"@id\":\"https:\\\/\\\/www.itac-professional.com\\\/pl\\\/#website\",\"url\":\"https:\\\/\\\/www.itac-professional.com\\\/pl\\\/\",\"name\":\"ITAC PROFESSIONAL\",\"description\":\"Frutos secos, frutas desecadas, snacks ...\",\"publisher\":{\"@id\":\"https:\\\/\\\/www.itac-professional.com\\\/pl\\\/#organization\"},\"potentialAction\":[{\"@type\":\"SearchAction\",\"target\":{\"@type\":\"EntryPoint\",\"urlTemplate\":\"https:\\\/\\\/www.itac-professional.com\\\/pl\\\/?s={search_term_string}\"},\"query-input\":{\"@type\":\"PropertyValueSpecification\",\"valueRequired\":true,\"valueName\":\"search_term_string\"}}],\"inLanguage\":\"es\"},{\"@type\":\"Organization\",\"@id\":\"https:\\\/\\\/www.itac-professional.com\\\/pl\\\/#organization\",\"name\":\"Itac Professional\",\"url\":\"https:\\\/\\\/www.itac-professional.com\\\/pl\\\/\",\"logo\":{\"@type\":\"ImageObject\",\"inLanguage\":\"es\",\"@id\":\"https:\\\/\\\/www.itac-professional.com\\\/pl\\\/#\\\/schema\\\/logo\\\/image\\\/\",\"url\":\"https:\\\/\\\/www.itac-professional.com\\\/wp-content\\\/uploads\\\/2018\\\/10\\\/LOGO-ITACPROF-160.png\",\"contentUrl\":\"https:\\\/\\\/www.itac-professional.com\\\/wp-content\\\/uploads\\\/2018\\\/10\\\/LOGO-ITACPROF-160.png\",\"width\":160,\"height\":80,\"caption\":\"Itac Professional\"},\"image\":{\"@id\":\"https:\\\/\\\/www.itac-professional.com\\\/pl\\\/#\\\/schema\\\/logo\\\/image\\\/\"},\"sameAs\":[\"https:\\\/\\\/www.facebook.com\\\/itacpl\\\/?__tn__=,d,P-R&amp;amp;amp;eid=ARDlbBGdvN1GldNhuRmgHiU6tnbbCAl9fGzcoMdXJtpaDmSPPUWNWMZggUNgE-uhlBECVQWwd8uysOwe\",\"https:\\\/\\\/www.linkedin.com\\\/sharing\\\/share-offsite\\\/?url=https:\\\/\\\/www.itac-professional.com\\\/retail\\\/\"]}]}<\/script>\n<!-- \/ Yoast SEO plugin. -->","yoast_head_json":{"title":"\u3010Przek\u0105ski i orzechy naturalne\u3011 | Itac Professional","description":"Nasze orzechy i suszone owoce s\u0105 naturalne i bez dodatku soli, bogate w bia\u0142ko i b\u0142onnik, odpowiednie dla wegetarian i wegan. wzbogacenia Twojej diety! \u2934\ufe0f","robots":{"index":"index","follow":"follow","max-snippet":"max-snippet:-1","max-image-preview":"max-image-preview:large","max-video-preview":"max-video-preview:-1"},"canonical":"https:\/\/www.itac-professional.com\/pl\/food-service\/orzechy\/","og_locale":"es_ES","og_type":"article","og_title":"\u3010Przek\u0105ski i orzechy naturalne\u3011 | Itac Professional","og_description":"Nasze orzechy i suszone owoce s\u0105 naturalne i bez dodatku soli, bogate w bia\u0142ko i b\u0142onnik, odpowiednie dla wegetarian i wegan. wzbogacenia Twojej diety! \u2934\ufe0f","og_url":"https:\/\/www.itac-professional.com\/pl\/food-service\/orzechy\/","og_site_name":"ITAC PROFESSIONAL","article_publisher":"https:\/\/www.facebook.com\/itacpl\/?__tn__=%2cd%2cP-R&amp%3bamp%3bamp%3beid=ARDlbBGdvN1GldNhuRmgHiU6tnbbCAl9fGzcoMdXJtpaDmSPPUWNWMZggUNgE-uhlBECVQWwd8uysOwe","article_modified_time":"2023-06-30T09:42:40+00:00","twitter_card":"summary_large_image","twitter_misc":{"Tiempo de lectura":"1 minuto"},"schema":{"@context":"https:\/\/schema.org","@graph":[{"@type":"WebPage","@id":"https:\/\/www.itac-professional.com\/pl\/food-service\/orzechy\/","url":"https:\/\/www.itac-professional.com\/pl\/food-service\/orzechy\/","name":"\u3010Przek\u0105ski i orzechy naturalne\u3011 | Itac Professional","isPartOf":{"@id":"https:\/\/www.itac-professional.com\/pl\/#website"},"datePublished":"2018-09-17T12:06:24+00:00","dateModified":"2023-06-30T09:42:40+00:00","description":"Nasze orzechy i suszone owoce s\u0105 naturalne i bez dodatku soli, bogate w bia\u0142ko i b\u0142onnik, odpowiednie dla wegetarian i wegan. wzbogacenia Twojej diety! \u2934\ufe0f","breadcrumb":{"@id":"https:\/\/www.itac-professional.com\/pl\/food-service\/orzechy\/#breadcrumb"},"inLanguage":"es","potentialAction":[{"@type":"ReadAction","target":["https:\/\/www.itac-professional.com\/pl\/food-service\/orzechy\/"]}]},{"@type":"BreadcrumbList","@id":"https:\/\/www.itac-professional.com\/pl\/food-service\/orzechy\/#breadcrumb","itemListElement":[{"@type":"ListItem","position":1,"name":"Inicio","item":"https:\/\/www.itac-professional.com\/pl\/"},{"@type":"ListItem","position":2,"name":"Food Service","item":"https:\/\/www.itac-professional.com\/pl\/food-service\/"},{"@type":"ListItem","position":3,"name":"Orzechy"}]},{"@type":"WebSite","@id":"https:\/\/www.itac-professional.com\/pl\/#website","url":"https:\/\/www.itac-professional.com\/pl\/","name":"ITAC PROFESSIONAL","description":"Frutos secos, frutas desecadas, snacks ...","publisher":{"@id":"https:\/\/www.itac-professional.com\/pl\/#organization"},"potentialAction":[{"@type":"SearchAction","target":{"@type":"EntryPoint","urlTemplate":"https:\/\/www.itac-professional.com\/pl\/?s={search_term_string}"},"query-input":{"@type":"PropertyValueSpecification","valueRequired":true,"valueName":"search_term_string"}}],"inLanguage":"es"},{"@type":"Organization","@id":"https:\/\/www.itac-professional.com\/pl\/#organization","name":"Itac Professional","url":"https:\/\/www.itac-professional.com\/pl\/","logo":{"@type":"ImageObject","inLanguage":"es","@id":"https:\/\/www.itac-professional.com\/pl\/#\/schema\/logo\/image\/","url":"https:\/\/www.itac-professional.com\/wp-content\/uploads\/2018\/10\/LOGO-ITACPROF-160.png","contentUrl":"https:\/\/www.itac-professional.com\/wp-content\/uploads\/2018\/10\/LOGO-ITACPROF-160.png","width":160,"height":80,"caption":"Itac Professional"},"image":{"@id":"https:\/\/www.itac-professional.com\/pl\/#\/schema\/logo\/image\/"},"sameAs":["https:\/\/www.facebook.com\/itacpl\/?__tn__=,d,P-R&amp;amp;amp;eid=ARDlbBGdvN1GldNhuRmgHiU6tnbbCAl9fGzcoMdXJtpaDmSPPUWNWMZggUNgE-uhlBECVQWwd8uysOwe","https:\/\/www.linkedin.com\/sharing\/share-offsite\/?url=https:\/\/www.itac-professional.com\/retail\/"]}]}},"_links":{"self":[{"href":"https:\/\/www.itac-professional.com\/pl\/wp-json\/wp\/v2\/pages\/5278","targetHints":{"allow":["GET"]}}],"collection":[{"href":"https:\/\/www.itac-professional.com\/pl\/wp-json\/wp\/v2\/pages"}],"about":[{"href":"https:\/\/www.itac-professional.com\/pl\/wp-json\/wp\/v2\/types\/page"}],"author":[{"embeddable":true,"href":"https:\/\/www.itac-professional.com\/pl\/wp-json\/wp\/v2\/users\/1"}],"replies":[{"embeddable":true,"href":"https:\/\/www.itac-professional.com\/pl\/wp-json\/wp\/v2\/comments?post=5278"}],"version-history":[{"count":9,"href":"https:\/\/www.itac-professional.com\/pl\/wp-json\/wp\/v2\/pages\/5278\/revisions"}],"predecessor-version":[{"id":22698,"href":"https:\/\/www.itac-professional.com\/pl\/wp-json\/wp\/v2\/pages\/5278\/revisions\/22698"}],"up":[{"embeddable":true,"href":"https:\/\/www.itac-professional.com\/pl\/wp-json\/wp\/v2\/pages\/5217"}],"wp:attachment":[{"href":"https:\/\/www.itac-professional.com\/pl\/wp-json\/wp\/v2\/media?parent=5278"}],"curies":[{"name":"wp","href":"https:\/\/api.w.org\/{rel}","templated":true}]}}