{"id":4950,"date":"2019-01-14T11:12:46","date_gmt":"2019-01-14T11:12:46","guid":{"rendered":"https:\/\/itacpro.develacq.startgoconnection.es\/?page_id=4950"},"modified":"2023-07-03T10:35:00","modified_gmt":"2023-07-03T08:35:00","slug":"blog","status":"publish","type":"page","link":"https:\/\/www.itac-professional.com\/pl\/blog\/","title":{"rendered":"Blog"},"content":{"rendered":"<div class=\"wpb-content-wrapper\"><p>[vc_row][vc_column][vc_wp_text]<\/p>\n<h1 style=\"text-align: center;\">Blog<\/h1>\n<p>[\/vc_wp_text][\/vc_column][\/vc_row][vc_row][vc_column]            \t<link rel=\"stylesheet\" href=\"https:\/\/www.itac-professional.com\/wp-content\/themes\/itac-theme\/css\/blog_style.css\">\n            \t<div class=\"articles-list blog-shortcode mode-list blog-list-shortcode-id-78e9cbd8849f8e19a19da52318ab1d9a side-overlap-layout-list jquery-filter dt-icon-bg-off loading-effect-fade-in\" data-cur-page=\"1\" data-post-limit=\"-1\" data-pagination-mode=\"none\">\n            \n                <article class=\"post project-odd visible\">\n\n                    <div class=\"post-thumbnail-wrap blog-itac\">\n                        <div class=\"post-thumbnail\">\n                            <a href=\"https:\/\/www.itac-professional.com\/pl\/blog\/rodzaje-orzeszkow-ziemnych-przewodnik-przemysl\/\" class=\"post-thumbnail-rollover layzr-bg layzr-bg\">\n                                <img decoding=\"async\" loading=\"lazy\" class=\"\" src=\"https:\/\/www.itac-professional.com\/wp-content\/uploads\/2021\/09\/IMG-POST-cacahuete.jpg\" alt=\"RODZAJE ORZESZK\u00d3W ZIEMNYCH \u2014 PODSTAWOWY PRZEWODNIK DLA KUPUJ\u0104CYCH Z BRAN\u017bY PRZEMYS\u0141OWEJ I PARAMETRY JAKO\u015aCIOWE\" title=\"RODZAJE ORZESZK\u00d3W ZIEMNYCH \u2014 PODSTAWOWY PRZEWODNIK DLA KUPUJ\u0104CYCH Z BRAN\u017bY PRZEMYS\u0141OWEJ I PARAMETRY JAKO\u015aCIOWE\" loading=\"lazy\">\n                            <\/a>\n                        <\/div>\n                    <\/div>\n\n                    <div class=\"post-entry-content blog-text\">\n                        <div class=\"categoria\">\n                            <div class=\"entry-meta\">\n                                <span class=\"category-link\"><a href=\"https:\/\/www.itac-professional.com\/pl\/blog\/category\/przemysl\/\" rel=\"category tag\">Przemys\u0142<\/a><\/span>\n                            <\/div>\n                        <\/div>\n\n                        <h2 class=\"entry-title blog-itac\">\n                            <a href=\"https:\/\/www.itac-professional.com\/pl\/blog\/rodzaje-orzeszkow-ziemnych-przewodnik-przemysl\/\" title=\"RODZAJE ORZESZK\u00d3W ZIEMNYCH \u2014 PODSTAWOWY PRZEWODNIK DLA KUPUJ\u0104CYCH Z BRAN\u017bY PRZEMYS\u0141OWEJ I PARAMETRY JAKO\u015aCIOWE\" rel=\"bookmark\">RODZAJE ORZESZK\u00d3W ZIEMNYCH \u2014 PODSTAWOWY PRZEWODNIK DLA KUPUJ\u0104CYCH Z BRAN\u017bY PRZEMYS\u0141OWEJ I PARAMETRY JAKO\u015aCIOWE<\/a>\n                        <\/h2>\n\n                        <div class=\"entry-excerpt blog-itac\">\n                            <p>Zar\u00f3wno je\u015bli pracujesz w dziale zakup\u00f3w, jak i dziale jako\u015bci firmy z bran\u017cy przemys\u0142u spo\u017cywczego ten artyku\u0142 z pewno\u015bci\u0105 Ci\u0119 zainteresuje. Znajdziesz tutaj wszystko, co musisz wiedzie\u0107 o r\u00f3\u017cnych rodzajach orzeszk\u00f3w ziemnych i g\u0142\u00f3wnych czynnikach, o kt\u00f3rych musisz pami\u0119ta\u0107 podczas zakupu. &nbsp; &nbsp; PODSTAWOWE WALORY TEGO SK\u0141ADNIKA DLA PRZEMYS\u0141U &nbsp; Orzeszki ziemne wyr\u00f3\u017cniaj\u0105 si\u0119 ze&hellip;<\/p>\n                        <\/div>\n\n                        <a href=\"https:\/\/www.itac-professional.com\/pl\/blog\/rodzaje-orzeszkow-ziemnych-przewodnik-przemysl\/\" class=\"dt-btn-s dt-btn post-details details-type-btn\" aria-label=\"Read more about RODZAJE ORZESZK\u00d3W ZIEMNYCH \u2014 PODSTAWOWY PRZEWODNIK DLA KUPUJ\u0104CYCH Z BRAN\u017bY PRZEMYS\u0141OWEJ I PARAMETRY JAKO\u015aCIOWE\">LEER M\u00c1S<i class=\"dt-icon-the7-arrow-03\" aria-hidden=\"true\"><\/i><\/a>\n\n                    <\/div>\n                <\/article>\n\n                \n                <article class=\"post project-even visible\">\n\n                    <div class=\"post-thumbnail-wrap blog-itac\">\n                        <div class=\"post-thumbnail\">\n                            <a href=\"https:\/\/www.itac-professional.com\/pl\/blog\/przetworzone-migdaly-wyroby-migdalowe-odkryj-wszystkie-mozliwosci\/\" class=\"post-thumbnail-rollover layzr-bg layzr-bg\">\n                                <img decoding=\"async\" loading=\"lazy\" class=\"\" src=\"https:\/\/www.itac-professional.com\/wp-content\/uploads\/2019\/11\/Sin-t\u00edtulo.jpg\" alt=\"Przetworzone migda\u0142y lub wyroby migda\u0142owe \u2014 odkryj wszystkie mo\u017cliwo\u015bci\" title=\"Przetworzone migda\u0142y lub wyroby migda\u0142owe \u2014 odkryj wszystkie mo\u017cliwo\u015bci\" loading=\"lazy\">\n                            <\/a>\n                        <\/div>\n                    <\/div>\n\n                    <div class=\"post-entry-content blog-text\">\n                        <div class=\"categoria\">\n                            <div class=\"entry-meta\">\n                                <span class=\"category-link\"><a href=\"https:\/\/www.itac-professional.com\/pl\/blog\/category\/do-wyroznienia\/\" rel=\"category tag\">DO WYR\u00d3\u017bNIENIA<\/a>, <a href=\"https:\/\/www.itac-professional.com\/pl\/blog\/category\/nasz-produkt\/\" rel=\"category tag\">NASZ PRODUKT<\/a><\/span>\n                            <\/div>\n                        <\/div>\n\n                        <h2 class=\"entry-title blog-itac\">\n                            <a href=\"https:\/\/www.itac-professional.com\/pl\/blog\/przetworzone-migdaly-wyroby-migdalowe-odkryj-wszystkie-mozliwosci\/\" title=\"Przetworzone migda\u0142y lub wyroby migda\u0142owe \u2014 odkryj wszystkie mo\u017cliwo\u015bci\" rel=\"bookmark\">Przetworzone migda\u0142y lub wyroby migda\u0142owe \u2014 odkryj wszystkie mo\u017cliwo\u015bci<\/a>\n                        <\/h2>\n\n                        <div class=\"entry-excerpt blog-itac\">\n                            <p>Smak, zapach, kolor i tekstura migda\u0142\u00f3w sprawiaj\u0105, \u017ce s\u0105 wszechstronnie stosowanym, podstawowym sk\u0142adnikiem wyrob\u00f3w cukierniczych, wyrob\u00f3w piekarniczych, s\u0142odyczy i s\u0105 u\u017cywane w restauracjach. Mo\u017cna go u\u017cywa\u0107 w jeszcze innych zastosowaniach dzi\u0119ki r\u00f3\u017cnym przetworzonym formatom i wiedzy, jak mo\u017cna je wykorzysta\u0107 w recepturach produkt\u00f3w. Ponadto nasze migda\u0142y s\u0105 przetwarzane w zak\u0142adzie wolnym od orzeszk\u00f3w ziemnych, co&hellip;<\/p>\n                        <\/div>\n\n                        <a href=\"https:\/\/www.itac-professional.com\/pl\/blog\/przetworzone-migdaly-wyroby-migdalowe-odkryj-wszystkie-mozliwosci\/\" class=\"dt-btn-s dt-btn post-details details-type-btn\" aria-label=\"Read more about Przetworzone migda\u0142y lub wyroby migda\u0142owe \u2014 odkryj wszystkie mo\u017cliwo\u015bci\">LEER M\u00c1S<i class=\"dt-icon-the7-arrow-03\" aria-hidden=\"true\"><\/i><\/a>\n\n                    <\/div>\n                <\/article>\n\n                \n                <article class=\"post project-odd visible\">\n\n                    <div class=\"post-thumbnail-wrap blog-itac\">\n                        <div class=\"post-thumbnail\">\n                            <a href=\"https:\/\/www.itac-professional.com\/pl\/blog\/trendy-mozliwosci-past-orzechowych\/\" class=\"post-thumbnail-rollover layzr-bg layzr-bg\">\n                                <img decoding=\"async\" loading=\"lazy\" class=\"\" src=\"https:\/\/www.itac-professional.com\/wp-content\/uploads\/2019\/11\/Nut-pastes.jpg\" alt=\"Odkryj mo\u017cliwo\u015bci past orzechowych\" title=\"Odkryj mo\u017cliwo\u015bci past orzechowych\" loading=\"lazy\">\n                            <\/a>\n                        <\/div>\n                    <\/div>\n\n                    <div class=\"post-entry-content blog-text\">\n                        <div class=\"categoria\">\n                            <div class=\"entry-meta\">\n                                <span class=\"category-link\"><a href=\"https:\/\/www.itac-professional.com\/pl\/blog\/category\/przemysl\/\" rel=\"category tag\">Przemys\u0142<\/a><\/span>\n                            <\/div>\n                        <\/div>\n\n                        <h2 class=\"entry-title blog-itac\">\n                            <a href=\"https:\/\/www.itac-professional.com\/pl\/blog\/trendy-mozliwosci-past-orzechowych\/\" title=\"Odkryj mo\u017cliwo\u015bci past orzechowych\" rel=\"bookmark\">Odkryj mo\u017cliwo\u015bci past orzechowych<\/a>\n                        <\/h2>\n\n                        <div class=\"entry-excerpt blog-itac\">\n                            <p>W\u0142a\u015bciwo\u015bci od\u017cywcze i sensoryczne orzech\u00f3w sprawiaj\u0105, \u017ce s\u0105 bardzo wa\u017cnym sk\u0142adnikiem w bran\u017cy spo\u017cywczej. Te surowce mog\u0105 by\u0107 wykorzystane praktycznie w ka\u017cdym przepisie, od tych tradycyjnych po te najbardziej innowacyjne. Teraz mo\u017cesz zwi\u0119kszy\u0107 mo\u017cliwo\u015bci i potencjalne zastosowanie orzech\u00f3w poprzez wykorzystanie past. Odkryj mo\u017cliwo\u015bci: past orzechowych i najnowszych trend\u00f3w w ich zastosowaniu. &nbsp; &nbsp; Tradycyjne i&hellip;<\/p>\n                        <\/div>\n\n                        <a href=\"https:\/\/www.itac-professional.com\/pl\/blog\/trendy-mozliwosci-past-orzechowych\/\" class=\"dt-btn-s dt-btn post-details details-type-btn\" aria-label=\"Read more about Odkryj mo\u017cliwo\u015bci past orzechowych\">LEER M\u00c1S<i class=\"dt-icon-the7-arrow-03\" aria-hidden=\"true\"><\/i><\/a>\n\n                    <\/div>\n                <\/article>\n\n                \n                <article class=\"post project-even visible\">\n\n                    <div class=\"post-thumbnail-wrap blog-itac\">\n                        <div class=\"post-thumbnail\">\n                            <a href=\"https:\/\/www.itac-professional.com\/pl\/blog\/piekarnictwo-trendy-nadzienia-orzechowe\/\" class=\"post-thumbnail-rollover layzr-bg layzr-bg\">\n                                <img decoding=\"async\" loading=\"lazy\" class=\"\" src=\"https:\/\/www.itac-professional.com\/wp-content\/uploads\/2021\/04\/Free-from-dairy-1.png\" alt=\"Trendy w piekarnictwie \u2014 nowe nadzienia i polewy z orzech\u00f3w\" title=\"Trendy w piekarnictwie \u2014 nowe nadzienia i polewy z orzech\u00f3w\" loading=\"lazy\">\n                            <\/a>\n                        <\/div>\n                    <\/div>\n\n                    <div class=\"post-entry-content blog-text\">\n                        <div class=\"categoria\">\n                            <div class=\"entry-meta\">\n                                <span class=\"category-link\"><a href=\"https:\/\/www.itac-professional.com\/pl\/blog\/category\/przemysl\/\" rel=\"category tag\">Przemys\u0142<\/a>, <a href=\"https:\/\/www.itac-professional.com\/pl\/blog\/category\/tendencje\/\" rel=\"category tag\">TENDENCJE<\/a><\/span>\n                            <\/div>\n                        <\/div>\n\n                        <h2 class=\"entry-title blog-itac\">\n                            <a href=\"https:\/\/www.itac-professional.com\/pl\/blog\/piekarnictwo-trendy-nadzienia-orzechowe\/\" title=\"Trendy w piekarnictwie \u2014 nowe nadzienia i polewy z orzech\u00f3w\" rel=\"bookmark\">Trendy w piekarnictwie \u2014 nowe nadzienia i polewy z orzech\u00f3w<\/a>\n                        <\/h2>\n\n                        <div class=\"entry-excerpt blog-itac\">\n                            <p>Bran\u017ce piekarnicza i cukiernicza do\u015bwiadczaj\u0105 wa\u017cnych innowacji wynikaj\u0105cych g\u0142\u00f3wnie z poszukiwania idealnej r\u00f3wnowagi pomi\u0119dzy zdrowymi a smacznymi produktami. Zmiany w stylu \u017cycia, kt\u00f3re mia\u0142y miejsce w ostatnich latach, przyczyni\u0142y si\u0119 do pojawienia si\u0119 nowych trend\u00f3w, w ramach kt\u00f3rych producenci wprowadzaj\u0105 nowe, bardziej naturalne sk\u0142adniki. Kluczem do sukcesu jest zwi\u0119kszenia warto\u015bci od\u017cywczej produktu oraz rozkoszowanie nawet&hellip;<\/p>\n                        <\/div>\n\n                        <a href=\"https:\/\/www.itac-professional.com\/pl\/blog\/piekarnictwo-trendy-nadzienia-orzechowe\/\" class=\"dt-btn-s dt-btn post-details details-type-btn\" aria-label=\"Read more about Trendy w piekarnictwie \u2014 nowe nadzienia i polewy z orzech\u00f3w\">LEER M\u00c1S<i class=\"dt-icon-the7-arrow-03\" aria-hidden=\"true\"><\/i><\/a>\n\n                    <\/div>\n                <\/article>\n\n                \n                <article class=\"post project-odd visible\">\n\n                    <div class=\"post-thumbnail-wrap blog-itac\">\n                        <div class=\"post-thumbnail\">\n                            <a href=\"https:\/\/www.itac-professional.com\/pl\/blog\/specjalizacja-migdaly-orzeszki-ziemnye-od-pol-uprawnych-po-klienta-koncowego\/\" class=\"post-thumbnail-rollover layzr-bg layzr-bg\">\n                                <img decoding=\"async\" loading=\"lazy\" class=\"\" src=\"https:\/\/www.itac-professional.com\/wp-content\/uploads\/2021\/05\/Specialising-in-almonds.jpg\" alt=\"Specjalizacja w zakresie migda\u0142\u00f3w i orzeszk\u00f3w ziemnych, od p\u00f3l uprawnych po klienta ko\u0144cowego\" title=\"Specjalizacja w zakresie migda\u0142\u00f3w i orzeszk\u00f3w ziemnych, od p\u00f3l uprawnych po klienta ko\u0144cowego\" loading=\"lazy\">\n                            <\/a>\n                        <\/div>\n                    <\/div>\n\n                    <div class=\"post-entry-content blog-text\">\n                        <div class=\"categoria\">\n                            <div class=\"entry-meta\">\n                                <span class=\"category-link\"><a href=\"https:\/\/www.itac-professional.com\/pl\/blog\/category\/przemysl\/\" rel=\"category tag\">Przemys\u0142<\/a>, <a href=\"https:\/\/www.itac-professional.com\/pl\/blog\/category\/rozwiazania\/\" rel=\"category tag\">ROZWI\u0104ZANIA<\/a><\/span>\n                            <\/div>\n                        <\/div>\n\n                        <h2 class=\"entry-title blog-itac\">\n                            <a href=\"https:\/\/www.itac-professional.com\/pl\/blog\/specjalizacja-migdaly-orzeszki-ziemnye-od-pol-uprawnych-po-klienta-koncowego\/\" title=\"Specjalizacja w zakresie migda\u0142\u00f3w i orzeszk\u00f3w ziemnych, od p\u00f3l uprawnych po klienta ko\u0144cowego\" rel=\"bookmark\">Specjalizacja w zakresie migda\u0142\u00f3w i orzeszk\u00f3w ziemnych, od p\u00f3l uprawnych po klienta ko\u0144cowego<\/a>\n                        <\/h2>\n\n                        <div class=\"entry-excerpt blog-itac\">\n                            <p>Jedn\u0105 z najwa\u017cniejszych warto\u015bci dodanych dostawcy \u017cywno\u015bci jest jego wysoki poziom specjalizacji. Specjalizacja pozwala uzyska\u0107 wi\u0119ksz\u0105 wiedz\u0119 o produkcie na wszystkich etapach jego przetwarzania, a taka wiedza umo\u017cliwia zapewnienie lepszej obs\u0142ugi klienta. Ponadto ta specjalizacja sprzyja ca\u0142kowitej kontroli nad identyfikowalno\u015bci\u0105 proces\u00f3w przetwarzania \u2014 jest to podstawowy wym\u00f3g w celu zapewnienia jego jako\u015bci. Dzia\u0142y zajmuj\u0105ce si\u0119&hellip;<\/p>\n                        <\/div>\n\n                        <a href=\"https:\/\/www.itac-professional.com\/pl\/blog\/specjalizacja-migdaly-orzeszki-ziemnye-od-pol-uprawnych-po-klienta-koncowego\/\" class=\"dt-btn-s dt-btn post-details details-type-btn\" aria-label=\"Read more about Specjalizacja w zakresie migda\u0142\u00f3w i orzeszk\u00f3w ziemnych, od p\u00f3l uprawnych po klienta ko\u0144cowego\">LEER M\u00c1S<i class=\"dt-icon-the7-arrow-03\" aria-hidden=\"true\"><\/i><\/a>\n\n                    <\/div>\n                <\/article>\n\n                \n                <article class=\"post project-even visible\">\n\n                    <div class=\"post-thumbnail-wrap blog-itac\">\n                        <div class=\"post-thumbnail\">\n                            <a href=\"https:\/\/www.itac-professional.com\/pl\/blog\/trendy-w-orzeszkach-ziemnych-i-maslach-orzechowych\/\" class=\"post-thumbnail-rollover layzr-bg layzr-bg\">\n                                <img decoding=\"async\" loading=\"lazy\" class=\"\" src=\"https:\/\/www.itac-professional.com\/wp-content\/uploads\/2021\/06\/Imagen-Cabecera.jpg\" alt=\"Trendy w orzeszkach ziemnych i mas\u0142ach orzechowych\" title=\"Trendy w orzeszkach ziemnych i mas\u0142ach orzechowych\" loading=\"lazy\">\n                            <\/a>\n                        <\/div>\n                    <\/div>\n\n                    <div class=\"post-entry-content blog-text\">\n                        <div class=\"categoria\">\n                            <div class=\"entry-meta\">\n                                <span class=\"category-link\"><a href=\"https:\/\/www.itac-professional.com\/pl\/blog\/category\/przemysl\/\" rel=\"category tag\">Przemys\u0142<\/a>, <a href=\"https:\/\/www.itac-professional.com\/pl\/blog\/category\/tendencje\/\" rel=\"category tag\">TENDENCJE<\/a><\/span>\n                            <\/div>\n                        <\/div>\n\n                        <h2 class=\"entry-title blog-itac\">\n                            <a href=\"https:\/\/www.itac-professional.com\/pl\/blog\/trendy-w-orzeszkach-ziemnych-i-maslach-orzechowych\/\" title=\"Trendy w orzeszkach ziemnych i mas\u0142ach orzechowych\" rel=\"bookmark\">Trendy w orzeszkach ziemnych i mas\u0142ach orzechowych<\/a>\n                        <\/h2>\n\n                        <div class=\"entry-excerpt blog-itac\">\n                            <p>Surowe i przetworzone orzeszki ziemne, podobnie jak mas\u0142o orzechowe, to sk\u0142adniki, kt\u00f3rych popularno\u015b\u0107 w r\u00f3\u017cnych segmentach bran\u017cy spo\u017cywczej zwi\u0119ksza si\u0119. Ten wzrost jest spowodowany zmianami w schematach od\u017cywiania si\u0119 konsument\u00f3w, kt\u00f3re powoduj\u0105 konieczno\u015b\u0107 aktualizacji oferty przez producent\u00f3w i wdro\u017cenie sk\u0142adnik\u00f3w pochodzenia ro\u015blinnego, przyjaznych dla \u015brodowiska naturalnego i zapewniaj\u0105cych korzy\u015bci funkcjonalne dla zdrowia. W tym artykule&hellip;<\/p>\n                        <\/div>\n\n                        <a href=\"https:\/\/www.itac-professional.com\/pl\/blog\/trendy-w-orzeszkach-ziemnych-i-maslach-orzechowych\/\" class=\"dt-btn-s dt-btn post-details details-type-btn\" aria-label=\"Read more about Trendy w orzeszkach ziemnych i mas\u0142ach orzechowych\">LEER M\u00c1S<i class=\"dt-icon-the7-arrow-03\" aria-hidden=\"true\"><\/i><\/a>\n\n                    <\/div>\n                <\/article>\n\n                \n                <article class=\"post project-odd visible\">\n\n                    <div class=\"post-thumbnail-wrap blog-itac\">\n                        <div class=\"post-thumbnail\">\n                            <a href=\"https:\/\/www.itac-professional.com\/pl\/blog\/szyte-na-miare-rozwiazania-z-zakresu-pasty-migdalowej\/\" class=\"post-thumbnail-rollover layzr-bg layzr-bg\">\n                                <img decoding=\"async\" loading=\"lazy\" class=\"\" src=\"https:\/\/www.itac-professional.com\/wp-content\/uploads\/2021\/05\/closeup-shot-of-lock-on-white-surface-with-binary-code-on-it-concept-of-cybersecurity-1.jpg\" alt=\"Szyte na miar\u0119 rozwi\u0105zania z zakresu pasty migda\u0142owej dla bran\u017cy spo\u017cywczej\" title=\"Szyte na miar\u0119 rozwi\u0105zania z zakresu pasty migda\u0142owej dla bran\u017cy spo\u017cywczej\" loading=\"lazy\">\n                            <\/a>\n                        <\/div>\n                    <\/div>\n\n                    <div class=\"post-entry-content blog-text\">\n                        <div class=\"categoria\">\n                            <div class=\"entry-meta\">\n                                <span class=\"category-link\"><a href=\"https:\/\/www.itac-professional.com\/pl\/blog\/category\/przemysl\/\" rel=\"category tag\">Przemys\u0142<\/a>, <a href=\"https:\/\/www.itac-professional.com\/pl\/blog\/category\/rozwiazania\/\" rel=\"category tag\">ROZWI\u0104ZANIA<\/a><\/span>\n                            <\/div>\n                        <\/div>\n\n                        <h2 class=\"entry-title blog-itac\">\n                            <a href=\"https:\/\/www.itac-professional.com\/pl\/blog\/szyte-na-miare-rozwiazania-z-zakresu-pasty-migdalowej\/\" title=\"Szyte na miar\u0119 rozwi\u0105zania z zakresu pasty migda\u0142owej dla bran\u017cy spo\u017cywczej\" rel=\"bookmark\">Szyte na miar\u0119 rozwi\u0105zania z zakresu pasty migda\u0142owej dla bran\u017cy spo\u017cywczej<\/a>\n                        <\/h2>\n\n                        <div class=\"entry-excerpt blog-itac\">\n                            <p>Bran\u017ca spo\u017cywcza przez ostatnich kilka lat wyewoluowa\u0142a w kierunku naturalnych sk\u0142adnik\u00f3w o wysokiej jako\u015bci, specjalnie opracowanych, aby uzyska\u0107 wyj\u0105tkowy smak i tekstur\u0119 produkt\u00f3w. W procesach przetw\u00f3rczych lod\u00f3w, ciast, czekolady, p\u0142atk\u00f3w \u015bniadaniowych i ciasteczek staje si\u0119 coraz bardziej popularne stosowanie innowacyjnych rozwi\u0105za\u0144, jak np. pasty migda\u0142owe czy z orzeszk\u00f3w ziemnych dostarczane przez dostawc\u00f3w orzech\u00f3w. &nbsp; &nbsp;&hellip;<\/p>\n                        <\/div>\n\n                        <a href=\"https:\/\/www.itac-professional.com\/pl\/blog\/szyte-na-miare-rozwiazania-z-zakresu-pasty-migdalowej\/\" class=\"dt-btn-s dt-btn post-details details-type-btn\" aria-label=\"Read more about Szyte na miar\u0119 rozwi\u0105zania z zakresu pasty migda\u0142owej dla bran\u017cy spo\u017cywczej\">LEER M\u00c1S<i class=\"dt-icon-the7-arrow-03\" aria-hidden=\"true\"><\/i><\/a>\n\n                    <\/div>\n                <\/article>\n\n                \n                <article class=\"post project-even visible\">\n\n                    <div class=\"post-thumbnail-wrap blog-itac\">\n                        <div class=\"post-thumbnail\">\n                            <a href=\"https:\/\/www.itac-professional.com\/pl\/blog\/alternatywy-dla-nabialu-orzechy\/\" class=\"post-thumbnail-rollover layzr-bg layzr-bg\">\n                                <img decoding=\"async\" loading=\"lazy\" class=\"\" src=\"https:\/\/www.itac-professional.com\/wp-content\/uploads\/2021\/06\/Free-from-dairy-1.png\" alt=\"Produkty stanowi\u0105ce alternatyw\u0119 dla nabia\u0142u \u2014 rozwijaj\u0105cy si\u0119 segment rynku\" title=\"Produkty stanowi\u0105ce alternatyw\u0119 dla nabia\u0142u \u2014 rozwijaj\u0105cy si\u0119 segment rynku\" loading=\"lazy\">\n                            <\/a>\n                        <\/div>\n                    <\/div>\n\n                    <div class=\"post-entry-content blog-text\">\n                        <div class=\"categoria\">\n                            <div class=\"entry-meta\">\n                                <span class=\"category-link\"><a href=\"https:\/\/www.itac-professional.com\/pl\/blog\/category\/przemysl\/\" rel=\"category tag\">Przemys\u0142<\/a>, <a href=\"https:\/\/www.itac-professional.com\/pl\/blog\/category\/tendencje\/\" rel=\"category tag\">TENDENCJE<\/a><\/span>\n                            <\/div>\n                        <\/div>\n\n                        <h2 class=\"entry-title blog-itac\">\n                            <a href=\"https:\/\/www.itac-professional.com\/pl\/blog\/alternatywy-dla-nabialu-orzechy\/\" title=\"Produkty stanowi\u0105ce alternatyw\u0119 dla nabia\u0142u \u2014 rozwijaj\u0105cy si\u0119 segment rynku\" rel=\"bookmark\">Produkty stanowi\u0105ce alternatyw\u0119 dla nabia\u0142u \u2014 rozwijaj\u0105cy si\u0119 segment rynku<\/a>\n                        <\/h2>\n\n                        <div class=\"entry-excerpt blog-itac\">\n                            <p>Bran\u017ca spo\u017cywcza nieustannie rozwija si\u0119, aby w\u0142\u0105czy\u0107 do katalogu produkt\u00f3w wi\u0119cej zamiennik\u00f3w dla nabia\u0142u, kt\u00f3re zaspokoj\u0105 zapotrzebowanie na produkty \u017cywno\u015bciowe zgodnie z nowymi trendami na rynku i zapewni\u0105 bardziej wyrafinowane do\u015bwiadczenia smakowe. Je\u015bli chodzi o poszukiwanie idealnych sk\u0142adnik\u00f3w dobrze wpisuj\u0105cych si\u0119 w ten rozwijaj\u0105cy si\u0119 segment rynku, orzechy staj\u0105 si\u0119 z roku na roku coraz&hellip;<\/p>\n                        <\/div>\n\n                        <a href=\"https:\/\/www.itac-professional.com\/pl\/blog\/alternatywy-dla-nabialu-orzechy\/\" class=\"dt-btn-s dt-btn post-details details-type-btn\" aria-label=\"Read more about Produkty stanowi\u0105ce alternatyw\u0119 dla nabia\u0142u \u2014 rozwijaj\u0105cy si\u0119 segment rynku\">LEER M\u00c1S<i class=\"dt-icon-the7-arrow-03\" aria-hidden=\"true\"><\/i><\/a>\n\n                    <\/div>\n                <\/article>\n\n                \n                <article class=\"post project-odd visible\">\n\n                    <div class=\"post-thumbnail-wrap blog-itac\">\n                        <div class=\"post-thumbnail\">\n                            <a href=\"https:\/\/www.itac-professional.com\/pl\/blog\/ulepszanie-smaku-czekolady-przy-uzyciu-migdalow\/\" class=\"post-thumbnail-rollover layzr-bg layzr-bg\">\n                                <img decoding=\"async\" loading=\"lazy\" class=\"\" src=\"https:\/\/www.itac-professional.com\/wp-content\/uploads\/2021\/06\/Cabecera-Chocolates.jpg\" alt=\"Ulepszanie smaku czekolady przy u\u017cyciu migda\u0142\u00f3w\" title=\"Ulepszanie smaku czekolady przy u\u017cyciu migda\u0142\u00f3w\" loading=\"lazy\">\n                            <\/a>\n                        <\/div>\n                    <\/div>\n\n                    <div class=\"post-entry-content blog-text\">\n                        <div class=\"categoria\">\n                            <div class=\"entry-meta\">\n                                <span class=\"category-link\"><a href=\"https:\/\/www.itac-professional.com\/pl\/blog\/category\/do-wyroznienia\/\" rel=\"category tag\">DO WYR\u00d3\u017bNIENIA<\/a>, <a href=\"https:\/\/www.itac-professional.com\/pl\/blog\/category\/przemysl\/\" rel=\"category tag\">Przemys\u0142<\/a>, <a href=\"https:\/\/www.itac-professional.com\/pl\/blog\/category\/tendencje\/\" rel=\"category tag\">TENDENCJE<\/a><\/span>\n                            <\/div>\n                        <\/div>\n\n                        <h2 class=\"entry-title blog-itac\">\n                            <a href=\"https:\/\/www.itac-professional.com\/pl\/blog\/ulepszanie-smaku-czekolady-przy-uzyciu-migdalow\/\" title=\"Ulepszanie smaku czekolady przy u\u017cyciu migda\u0142\u00f3w\" rel=\"bookmark\">Ulepszanie smaku czekolady przy u\u017cyciu migda\u0142\u00f3w<\/a>\n                        <\/h2>\n\n                        <div class=\"entry-excerpt blog-itac\">\n                            <p>Zgodnie z og\u00f3lno\u015bwiatowym badaniem przeprowadzonym przez Innova Market Insights, 42% konsument\u00f3w wybiera migda\u0142y jako ich ulubiony sk\u0142adnik czekoladowych produkt\u00f3w1. Ch\u0119tniejszy wyb\u00f3r migda\u0142\u00f3w przez spo\u017cywaj\u0105cych czekolad\u0119 nie jest nowo\u015bci\u0105, jednak nowe trendy w bran\u017cy spo\u017cywczej przyczyniaj\u0105 si\u0119 do ich u\u017cywania w wi\u0119kszej liczbie produkt\u00f3w, takich jak batoniki czy przek\u0105ski. S\u0105 one r\u00f3wnie\u017c kluczowym sk\u0142adnikiem pozwalaj\u0105cym na&hellip;<\/p>\n                        <\/div>\n\n                        <a href=\"https:\/\/www.itac-professional.com\/pl\/blog\/ulepszanie-smaku-czekolady-przy-uzyciu-migdalow\/\" class=\"dt-btn-s dt-btn post-details details-type-btn\" aria-label=\"Read more about Ulepszanie smaku czekolady przy u\u017cyciu migda\u0142\u00f3w\">LEER M\u00c1S<i class=\"dt-icon-the7-arrow-03\" aria-hidden=\"true\"><\/i><\/a>\n\n                    <\/div>\n                <\/article>\n\n                \n                <article class=\"post project-even visible\">\n\n                    <div class=\"post-thumbnail-wrap blog-itac\">\n                        <div class=\"post-thumbnail\">\n                            <a href=\"https:\/\/www.itac-professional.com\/pl\/blog\/trendy-w-lodach-etyczne-skladniki-wieksza-transparentnosc\/\" class=\"post-thumbnail-rollover layzr-bg layzr-bg\">\n                                <img decoding=\"async\" loading=\"lazy\" class=\"\" src=\"https:\/\/www.itac-professional.com\/wp-content\/uploads\/2021\/09\/ICE-CREAM-TRENDS-ITAC.jpg\" alt=\"Trendy w sektorze lod\u00f3w \u2014 d\u0105\u017cenie do etycznych sk\u0142adnik\u00f3w o wi\u0119kszej transparentno\u015bci\" title=\"Trendy w sektorze lod\u00f3w \u2014 d\u0105\u017cenie do etycznych sk\u0142adnik\u00f3w o wi\u0119kszej transparentno\u015bci\" loading=\"lazy\">\n                            <\/a>\n                        <\/div>\n                    <\/div>\n\n                    <div class=\"post-entry-content blog-text\">\n                        <div class=\"categoria\">\n                            <div class=\"entry-meta\">\n                                <span class=\"category-link\"><a href=\"https:\/\/www.itac-professional.com\/pl\/blog\/category\/przemysl\/\" rel=\"category tag\">Przemys\u0142<\/a>, <a href=\"https:\/\/www.itac-professional.com\/pl\/blog\/category\/tendencje\/\" rel=\"category tag\">TENDENCJE<\/a><\/span>\n                            <\/div>\n                        <\/div>\n\n                        <h2 class=\"entry-title blog-itac\">\n                            <a href=\"https:\/\/www.itac-professional.com\/pl\/blog\/trendy-w-lodach-etyczne-skladniki-wieksza-transparentnosc\/\" title=\"Trendy w sektorze lod\u00f3w \u2014 d\u0105\u017cenie do etycznych sk\u0142adnik\u00f3w o wi\u0119kszej transparentno\u015bci\" rel=\"bookmark\">Trendy w sektorze lod\u00f3w \u2014 d\u0105\u017cenie do etycznych sk\u0142adnik\u00f3w o wi\u0119kszej transparentno\u015bci<\/a>\n                        <\/h2>\n\n                        <div class=\"entry-excerpt blog-itac\">\n                            <p>Bran\u017ca lod\u00f3w przechodzi w\u0142a\u015bnie przez okres du\u017cej kreatywno\u015bci i innowacji. Ze wzgl\u0119du na koronawirusa, lockdown i obostrzenia doprowadzi\u0142y do tego, \u017ce wielu ludzi spo\u017cywa lody w domu. W tym sensie, zgodnie z Mintel 45% konsument\u00f3w uznaje lody za ulubion\u0105 kulinarn\u0105 przyjemno\u015b\u0107, co z kolei zach\u0119ca producent\u00f3w do tworzenia nowych wi\u0119zi z tymi konsumentami. Dok\u0105d zmierzaj\u0105&hellip;<\/p>\n                        <\/div>\n\n                        <a href=\"https:\/\/www.itac-professional.com\/pl\/blog\/trendy-w-lodach-etyczne-skladniki-wieksza-transparentnosc\/\" class=\"dt-btn-s dt-btn post-details details-type-btn\" aria-label=\"Read more about Trendy w sektorze lod\u00f3w \u2014 d\u0105\u017cenie do etycznych sk\u0142adnik\u00f3w o wi\u0119kszej transparentno\u015bci\">LEER M\u00c1S<i class=\"dt-icon-the7-arrow-03\" aria-hidden=\"true\"><\/i><\/a>\n\n                    <\/div>\n                <\/article>\n\n                \n                <article class=\"post project-odd visible\">\n\n                    <div class=\"post-thumbnail-wrap blog-itac\">\n                        <div class=\"post-thumbnail\">\n                            <a href=\"https:\/\/www.itac-professional.com\/pl\/blog\/wykorzystanie-orzechow-wloskich-w-nowych-recepturach-produktow\/\" class=\"post-thumbnail-rollover layzr-bg layzr-bg\">\n                                <img decoding=\"async\" loading=\"lazy\" class=\"\" src=\"https:\/\/www.itac-professional.com\/wp-content\/uploads\/2021\/09\/tom-hermans-IbL3Zd62Q7Q-unsplash-min.jpg\" alt=\"Wykorzystanie orzech\u00f3w w\u0142oskich w nowych recepturach produkt\u00f3w\" title=\"Wykorzystanie orzech\u00f3w w\u0142oskich w nowych recepturach produkt\u00f3w\" loading=\"lazy\">\n                            <\/a>\n                        <\/div>\n                    <\/div>\n\n                    <div class=\"post-entry-content blog-text\">\n                        <div class=\"categoria\">\n                            <div class=\"entry-meta\">\n                                <span class=\"category-link\"><a href=\"https:\/\/www.itac-professional.com\/pl\/blog\/category\/przemysl\/\" rel=\"category tag\">Przemys\u0142<\/a><\/span>\n                            <\/div>\n                        <\/div>\n\n                        <h2 class=\"entry-title blog-itac\">\n                            <a href=\"https:\/\/www.itac-professional.com\/pl\/blog\/wykorzystanie-orzechow-wloskich-w-nowych-recepturach-produktow\/\" title=\"Wykorzystanie orzech\u00f3w w\u0142oskich w nowych recepturach produkt\u00f3w\" rel=\"bookmark\">Wykorzystanie orzech\u00f3w w\u0142oskich w nowych recepturach produkt\u00f3w<\/a>\n                        <\/h2>\n\n                        <div class=\"entry-excerpt blog-itac\">\n                            <p>Orzechy w\u0142oskie zyskuj\u0105 uznanie w przemy\u015ble spo\u017cywczym \u2014 zw\u0142aszcza w obszarze nowowprowadzanych na rynek produkt\u00f3w. Mo\u017cliwo\u015b\u0107 wszechstronnego zastosowania tego rodzaju orzech\u00f3w sprawia, \u017ce s\u0105 one idealnym sk\u0142adnikiem wielu produkt\u00f3w spo\u017cywczych. W tym artykule omawiamy zalety tego sk\u0142adnika oraz spos\u00f3b wykorzystania w r\u00f3\u017cnych segmentach bran\u017cy spo\u017cywczej. W przemy\u015ble spo\u017cywczym orzechy w\u0142oskie s\u0105 u\u017cywane w produktach stanowi\u0105cych&hellip;<\/p>\n                        <\/div>\n\n                        <a href=\"https:\/\/www.itac-professional.com\/pl\/blog\/wykorzystanie-orzechow-wloskich-w-nowych-recepturach-produktow\/\" class=\"dt-btn-s dt-btn post-details details-type-btn\" aria-label=\"Read more about Wykorzystanie orzech\u00f3w w\u0142oskich w nowych recepturach produkt\u00f3w\">LEER M\u00c1S<i class=\"dt-icon-the7-arrow-03\" aria-hidden=\"true\"><\/i><\/a>\n\n                    <\/div>\n                <\/article>\n\n                \n                <article class=\"post project-even visible\">\n\n                    <div class=\"post-thumbnail-wrap blog-itac\">\n                        <div class=\"post-thumbnail\">\n                            <a href=\"https:\/\/www.itac-professional.com\/pl\/blog\/identyfikowalnosc-zywnosci-procesow-przetwarzania-przez-dostawce\/\" class=\"post-thumbnail-rollover layzr-bg layzr-bg\">\n                                <img decoding=\"async\" loading=\"lazy\" class=\"\" src=\"https:\/\/www.itac-professional.com\/wp-content\/uploads\/2021\/09\/Imagen-cabecera-trazabilidad-min.jpg\" alt=\"Waga identyfikowalno\u015bci proces\u00f3w przetwarzania \u017cywno\u015bci przez dostawc\u0119\" title=\"Waga identyfikowalno\u015bci proces\u00f3w przetwarzania \u017cywno\u015bci przez dostawc\u0119\" loading=\"lazy\">\n                            <\/a>\n                        <\/div>\n                    <\/div>\n\n                    <div class=\"post-entry-content blog-text\">\n                        <div class=\"categoria\">\n                            <div class=\"entry-meta\">\n                                <span class=\"category-link\"><a href=\"https:\/\/www.itac-professional.com\/pl\/blog\/category\/przemysl\/\" rel=\"category tag\">Przemys\u0142<\/a><\/span>\n                            <\/div>\n                        <\/div>\n\n                        <h2 class=\"entry-title blog-itac\">\n                            <a href=\"https:\/\/www.itac-professional.com\/pl\/blog\/identyfikowalnosc-zywnosci-procesow-przetwarzania-przez-dostawce\/\" title=\"Waga identyfikowalno\u015bci proces\u00f3w przetwarzania \u017cywno\u015bci przez dostawc\u0119\" rel=\"bookmark\">Waga identyfikowalno\u015bci proces\u00f3w przetwarzania \u017cywno\u015bci przez dostawc\u0119<\/a>\n                        <\/h2>\n\n                        <div class=\"entry-excerpt blog-itac\">\n                            <p>Identyfikowalno\u015b\u0107 \u017cywno\u015bci jest kluczowym elementem, je\u015bli chodzi o jej bezpiecze\u0144stwo i pozwala przetw\u00f3rcom i producentom na \u0142atwe \u015bledzenie poszczeg\u00f3lnych produkt\u00f3w i sk\u0142adnik\u00f3w od miejsca pochodzenia do u\u017cytkownika ko\u0144cowego. Kontrolowanie identyfikowalno\u015bci \u0142a\u0144cucha dostaw jest bardzo wa\u017cne zar\u00f3wno podczas codziennych operacji, jak i zarz\u0105dzania sytuacjami kryzysowymi lub wycofywania produkt\u00f3w. Jakie s\u0105 zagro\u017cenia wynikaj\u0105ce z braku kontroli nad&hellip;<\/p>\n                        <\/div>\n\n                        <a href=\"https:\/\/www.itac-professional.com\/pl\/blog\/identyfikowalnosc-zywnosci-procesow-przetwarzania-przez-dostawce\/\" class=\"dt-btn-s dt-btn post-details details-type-btn\" aria-label=\"Read more about Waga identyfikowalno\u015bci proces\u00f3w przetwarzania \u017cywno\u015bci przez dostawc\u0119\">LEER M\u00c1S<i class=\"dt-icon-the7-arrow-03\" aria-hidden=\"true\"><\/i><\/a>\n\n                    <\/div>\n                <\/article>\n\n                \n                <article class=\"post project-odd visible\">\n\n                    <div class=\"post-thumbnail-wrap blog-itac\">\n                        <div class=\"post-thumbnail\">\n                            <a href=\"https:\/\/www.itac-professional.com\/pl\/blog\/trendy-czekoladowe-wyroby-cukiernicze\/\" class=\"post-thumbnail-rollover layzr-bg layzr-bg\">\n                                <img decoding=\"async\" loading=\"lazy\" class=\"\" src=\"https:\/\/www.itac-professional.com\/wp-content\/uploads\/2025\/05\/Portada-confiteria.jpg\" alt=\"Trendy w czekoladowych wyrobach cukierniczych: produkty na bazie ro\u015blin, zdrowa\" title=\"Trendy w czekoladowych wyrobach cukierniczych: produkty na bazie ro\u015blin, zdrowa\" loading=\"lazy\">\n                            <\/a>\n                        <\/div>\n                    <\/div>\n\n                    <div class=\"post-entry-content blog-text\">\n                        <div class=\"categoria\">\n                            <div class=\"entry-meta\">\n                                <span class=\"category-link\"><a href=\"https:\/\/www.itac-professional.com\/pl\/blog\/category\/przemysl\/\" rel=\"category tag\">Przemys\u0142<\/a>, <a href=\"https:\/\/www.itac-professional.com\/pl\/blog\/category\/tendencje\/\" rel=\"category tag\">TENDENCJE<\/a><\/span>\n                            <\/div>\n                        <\/div>\n\n                        <h2 class=\"entry-title blog-itac\">\n                            <a href=\"https:\/\/www.itac-professional.com\/pl\/blog\/trendy-czekoladowe-wyroby-cukiernicze\/\" title=\"Trendy w czekoladowych wyrobach cukierniczych: produkty na bazie ro\u015blin, zdrowa\" rel=\"bookmark\">Trendy w czekoladowych wyrobach cukierniczych: produkty na bazie ro\u015blin, zdrowa<\/a>\n                        <\/h2>\n\n                        <div class=\"entry-excerpt blog-itac\">\n                            <p>Czekoladowe wyroby cukiernicze s\u0105 zwykle konsumowane w postaci przek\u0105sek. W tej kategorii mie\u015bci si\u0119 wiele mo\u017cliwo\u015bci, szeroki wyb\u00f3r produkt\u00f3w, sk\u0142adnik\u00f3w i mo\u017cliwych po\u0142\u0105cze\u0144. W tym artykule umawiany trendy w czekoladowych wyrobach cukierniczych nap\u0119dzaj\u0105ce innowacje w tym segmencie przemys\u0142u oraz wp\u0142yw orzech\u00f3w na nowe produkty. Og\u00f3lnie rzecz ujmuj\u0105c, tego rodzaju produkty cukiernicze, opr\u00f3cz czekolady, zawieraj\u0105 sk\u0142adniki&hellip;<\/p>\n                        <\/div>\n\n                        <a href=\"https:\/\/www.itac-professional.com\/pl\/blog\/trendy-czekoladowe-wyroby-cukiernicze\/\" class=\"dt-btn-s dt-btn post-details details-type-btn\" aria-label=\"Read more about Trendy w czekoladowych wyrobach cukierniczych: produkty na bazie ro\u015blin, zdrowa\">LEER M\u00c1S<i class=\"dt-icon-the7-arrow-03\" aria-hidden=\"true\"><\/i><\/a>\n\n                    <\/div>\n                <\/article>\n\n                \n                <article class=\"post project-even visible\">\n\n                    <div class=\"post-thumbnail-wrap blog-itac\">\n                        <div class=\"post-thumbnail\">\n                            <a href=\"https:\/\/www.itac-professional.com\/pl\/blog\/importaco-terra-zrownowazona-uprawa-migdalow\/\" class=\"post-thumbnail-rollover layzr-bg layzr-bg\">\n                                <img decoding=\"async\" loading=\"lazy\" class=\"\" src=\"https:\/\/www.itac-professional.com\/wp-content\/uploads\/2021\/10\/Portada-Articulo-Terra-1.jpg\" alt=\"Importaco Terra \u2014 d\u0105\u017cenie do bardziej zr\u00f3wnowa\u017conego i wydajnego modelu uprawy migda\u0142\u00f3w\" title=\"Importaco Terra \u2014 d\u0105\u017cenie do bardziej zr\u00f3wnowa\u017conego i wydajnego modelu uprawy migda\u0142\u00f3w\" loading=\"lazy\">\n                            <\/a>\n                        <\/div>\n                    <\/div>\n\n                    <div class=\"post-entry-content blog-text\">\n                        <div class=\"categoria\">\n                            <div class=\"entry-meta\">\n                                <span class=\"category-link\"><a href=\"https:\/\/www.itac-professional.com\/pl\/blog\/category\/do-wyroznienia\/\" rel=\"category tag\">DO WYR\u00d3\u017bNIENIA<\/a><\/span>\n                            <\/div>\n                        <\/div>\n\n                        <h2 class=\"entry-title blog-itac\">\n                            <a href=\"https:\/\/www.itac-professional.com\/pl\/blog\/importaco-terra-zrownowazona-uprawa-migdalow\/\" title=\"Importaco Terra \u2014 d\u0105\u017cenie do bardziej zr\u00f3wnowa\u017conego i wydajnego modelu uprawy migda\u0142\u00f3w\" rel=\"bookmark\">Importaco Terra \u2014 d\u0105\u017cenie do bardziej zr\u00f3wnowa\u017conego i wydajnego modelu uprawy migda\u0142\u00f3w<\/a>\n                        <\/h2>\n\n                        <div class=\"entry-excerpt blog-itac\">\n                            <p>Grupa Importaco Group stworzy\u0142a firm\u0119 Importaco Terra w 2015 r., obieraj\u0105c sobie jasny cel \u2014 rozpocz\u0119cie projektu integracji rolniczej, kt\u00f3ry przyspieszy rozw\u00f3j rolniczy dzi\u0119ki uprawie migda\u0142\u00f3w typu hiszpa\u0144skiego dzi\u0119ki zastosowaniu zr\u00f3wnowa\u017conego modelu zarz\u0105dzania \u0142a\u0144cuchem dostaw. Jakie s\u0105 cechy charakterystyczne tej firmy? W jaki spos\u00f3b ewoluowa\u0142a na przestrzeni ostatnich kilku lat? W tym artykule dowiesz si\u0119&hellip;<\/p>\n                        <\/div>\n\n                        <a href=\"https:\/\/www.itac-professional.com\/pl\/blog\/importaco-terra-zrownowazona-uprawa-migdalow\/\" class=\"dt-btn-s dt-btn post-details details-type-btn\" aria-label=\"Read more about Importaco Terra \u2014 d\u0105\u017cenie do bardziej zr\u00f3wnowa\u017conego i wydajnego modelu uprawy migda\u0142\u00f3w\">LEER M\u00c1S<i class=\"dt-icon-the7-arrow-03\" aria-hidden=\"true\"><\/i><\/a>\n\n                    <\/div>\n                <\/article>\n\n                \n                <article class=\"post project-odd visible\">\n\n                    <div class=\"post-thumbnail-wrap blog-itac\">\n                        <div class=\"post-thumbnail\">\n                            <a href=\"https:\/\/www.itac-professional.com\/pl\/blog\/rendy-na-rynku-przekasek-jak-orzechy-napedzaja-innowacje\/\" class=\"post-thumbnail-rollover layzr-bg layzr-bg\">\n                                <img decoding=\"async\" loading=\"lazy\" class=\"\" src=\"https:\/\/www.itac-professional.com\/wp-content\/uploads\/2021\/10\/healthy-delicios-granola-bars-with-chocolate-muesli-bars-with-nuts-and-dry-fruits-min.jpg\" alt=\"Trendy na rynku przek\u0105sek: jak orzechy rewolucjonizuj\u0105 bran\u017c\u0119\" title=\"Trendy na rynku przek\u0105sek: jak orzechy rewolucjonizuj\u0105 bran\u017c\u0119\" loading=\"lazy\">\n                            <\/a>\n                        <\/div>\n                    <\/div>\n\n                    <div class=\"post-entry-content blog-text\">\n                        <div class=\"categoria\">\n                            <div class=\"entry-meta\">\n                                <span class=\"category-link\"><a href=\"https:\/\/www.itac-professional.com\/pl\/blog\/category\/tendencje\/\" rel=\"category tag\">TENDENCJE<\/a><\/span>\n                            <\/div>\n                        <\/div>\n\n                        <h2 class=\"entry-title blog-itac\">\n                            <a href=\"https:\/\/www.itac-professional.com\/pl\/blog\/rendy-na-rynku-przekasek-jak-orzechy-napedzaja-innowacje\/\" title=\"Trendy na rynku przek\u0105sek: jak orzechy rewolucjonizuj\u0105 bran\u017c\u0119\" rel=\"bookmark\">Trendy na rynku przek\u0105sek: jak orzechy rewolucjonizuj\u0105 bran\u017c\u0119<\/a>\n                        <\/h2>\n\n                        <div class=\"entry-excerpt blog-itac\">\n                            <p>Ewolucja stylu \u017cycia, przemiany kulturowe oraz coraz wi\u0119ksza finezja i \u015bwiadomo\u015b\u0107 \u017cywieniowa konsument\u00f3w wywar\u0142y istotny wp\u0142yw na nasz spos\u00f3b od\u017cywiania. Wielu europejskich konsument\u00f3w si\u0119ga w ci\u0105gu dnia po przek\u0105ski, co stanowi ogromn\u0105 szans\u0119 dla producent\u00f3w. W tym artykule om\u00f3wimy najnowsze trendy na rynku przek\u0105sek i rol\u0119 orzech\u00f3w we wprowadzaniu innowacji w tym segmencie przemys\u0142u spo\u017cywczego.&hellip;<\/p>\n                        <\/div>\n\n                        <a href=\"https:\/\/www.itac-professional.com\/pl\/blog\/rendy-na-rynku-przekasek-jak-orzechy-napedzaja-innowacje\/\" class=\"dt-btn-s dt-btn post-details details-type-btn\" aria-label=\"Read more about Trendy na rynku przek\u0105sek: jak orzechy rewolucjonizuj\u0105 bran\u017c\u0119\">LEER M\u00c1S<i class=\"dt-icon-the7-arrow-03\" aria-hidden=\"true\"><\/i><\/a>\n\n                    <\/div>\n                <\/article>\n\n                \n                <article class=\"post project-even visible\">\n\n                    <div class=\"post-thumbnail-wrap blog-itac\">\n                        <div class=\"post-thumbnail\">\n                            <a href=\"https:\/\/www.itac-professional.com\/pl\/blog\/wspolpraca-z-wyzsza-szkola-hotelarstwa-mediterraneo\/\" class=\"post-thumbnail-rollover layzr-bg layzr-bg\">\n                                <img decoding=\"async\" loading=\"lazy\" class=\"\" src=\"https:\/\/www.itac-professional.com\/wp-content\/uploads\/2018\/10\/cabecera.png\" alt=\"Wsp\u00f3\u0142praca z Wy\u017csz\u0105 Szko\u0142\u0105 Hotelarstwa Mediterr\u00e1neo\" title=\"Wsp\u00f3\u0142praca z Wy\u017csz\u0105 Szko\u0142\u0105 Hotelarstwa Mediterr\u00e1neo\" loading=\"lazy\">\n                            <\/a>\n                        <\/div>\n                    <\/div>\n\n                    <div class=\"post-entry-content blog-text\">\n                        <div class=\"categoria\">\n                            <div class=\"entry-meta\">\n                                <span class=\"category-link\"><a href=\"https:\/\/www.itac-professional.com\/pl\/blog\/category\/do-wyroznienia\/\" rel=\"category tag\">DO WYR\u00d3\u017bNIENIA<\/a>, <a href=\"https:\/\/www.itac-professional.com\/pl\/blog\/category\/zdarzenia-i-aktualnosci\/\" rel=\"category tag\">ZDARZENIA I AKTUALNO\u015aCI<\/a><\/span>\n                            <\/div>\n                        <\/div>\n\n                        <h2 class=\"entry-title blog-itac\">\n                            <a href=\"https:\/\/www.itac-professional.com\/pl\/blog\/wspolpraca-z-wyzsza-szkola-hotelarstwa-mediterraneo\/\" title=\"Wsp\u00f3\u0142praca z Wy\u017csz\u0105 Szko\u0142\u0105 Hotelarstwa Mediterr\u00e1neo\" rel=\"bookmark\">Wsp\u00f3\u0142praca z Wy\u017csz\u0105 Szko\u0142\u0105 Hotelarstwa Mediterr\u00e1neo<\/a>\n                        <\/h2>\n\n                        <div class=\"entry-excerpt blog-itac\">\n                            <p>Nasza marka ITAC PROFESSIONAL wsp\u00f3\u0142pracowa\u0142a z Wy\u017csz\u0105 Szko\u0142\u0105 Hotelarstwa Mediterr\u00e1neo podczas I Konkursu Gastronomicznego Wspieraj\u0105cego Produkty Naturalne. <\/p>\n                        <\/div>\n\n                        <a href=\"https:\/\/www.itac-professional.com\/pl\/blog\/wspolpraca-z-wyzsza-szkola-hotelarstwa-mediterraneo\/\" class=\"dt-btn-s dt-btn post-details details-type-btn\" aria-label=\"Read more about Wsp\u00f3\u0142praca z Wy\u017csz\u0105 Szko\u0142\u0105 Hotelarstwa Mediterr\u00e1neo\">LEER M\u00c1S<i class=\"dt-icon-the7-arrow-03\" aria-hidden=\"true\"><\/i><\/a>\n\n                    <\/div>\n                <\/article>\n\n                \n                <article class=\"post project-odd visible\">\n\n                    <div class=\"post-thumbnail-wrap blog-itac\">\n                        <div class=\"post-thumbnail\">\n                            <a href=\"https:\/\/www.itac-professional.com\/pl\/blog\/z-drzewa-do-fabryki-zbior-migdalow\/\" class=\"post-thumbnail-rollover layzr-bg layzr-bg\">\n                                <img decoding=\"async\" loading=\"lazy\" class=\"\" src=\"https:\/\/www.itac-professional.com\/wp-content\/uploads\/2019\/01\/Paraguas-1_CABECERA-1280x640.jpg\" alt=\"Z drzewa do fabryki &#8211; zbi\u00f3r migda\u0142\u00f3w\" title=\"Z drzewa do fabryki &#8211; zbi\u00f3r migda\u0142\u00f3w\" loading=\"lazy\">\n                            <\/a>\n                        <\/div>\n                    <\/div>\n\n                    <div class=\"post-entry-content blog-text\">\n                        <div class=\"categoria\">\n                            <div class=\"entry-meta\">\n                                <span class=\"category-link\"><a href=\"https:\/\/www.itac-professional.com\/pl\/blog\/category\/nasz-produkt\/\" rel=\"category tag\">NASZ PRODUKT<\/a><\/span>\n                            <\/div>\n                        <\/div>\n\n                        <h2 class=\"entry-title blog-itac\">\n                            <a href=\"https:\/\/www.itac-professional.com\/pl\/blog\/z-drzewa-do-fabryki-zbior-migdalow\/\" title=\"Z drzewa do fabryki &#8211; zbi\u00f3r migda\u0142\u00f3w\" rel=\"bookmark\">Z drzewa do fabryki &#8211; zbi\u00f3r migda\u0142\u00f3w<\/a>\n                        <\/h2>\n\n                        <div class=\"entry-excerpt blog-itac\">\n                            <p>Po zbiorze migda\u0142\u00f3w i nadej\u015bciu ch\u0142odu rozpoczyna si\u0119 etap, podczas kt\u00f3rego migda\u0142owce powinny rozpocz\u0105\u0107 faz\u0119 odpoczynku lub przestoju zimowego, kt\u00f3ry trwa od opadni\u0119cia li\u015bci i jesiennego wstrzymania wegetacji do rozpocz\u0119cia kwitni\u0119cia, kiedy to wraz ze wzrostem temperatury wznawiana jest aktywno\u015b\u0107 wegetacyjna.<\/p>\n                        <\/div>\n\n                        <a href=\"https:\/\/www.itac-professional.com\/pl\/blog\/z-drzewa-do-fabryki-zbior-migdalow\/\" class=\"dt-btn-s dt-btn post-details details-type-btn\" aria-label=\"Read more about Z drzewa do fabryki &#8211; zbi\u00f3r migda\u0142\u00f3w\">LEER M\u00c1S<i class=\"dt-icon-the7-arrow-03\" aria-hidden=\"true\"><\/i><\/a>\n\n                    <\/div>\n                <\/article>\n\n                \n                <article class=\"post project-even visible\">\n\n                    <div class=\"post-thumbnail-wrap blog-itac\">\n                        <div class=\"post-thumbnail\">\n                            <a href=\"https:\/\/www.itac-professional.com\/pl\/blog\/witamy-na-naszej-nowej-stronie-poswieconej-marce-itac-professional\/\" class=\"post-thumbnail-rollover layzr-bg layzr-bg\">\n                                <img decoding=\"async\" loading=\"lazy\" class=\"\" src=\"https:\/\/www.itac-professional.com\/wp-content\/uploads\/2019\/01\/ITAC_PRO_MOCKUP_edited-1280x640_POLACO.jpg\" alt=\"Witamy na naszej nowej stronie po\u015bwi\u0119conej marce ITAC PROFESSIONAL\" title=\"Witamy na naszej nowej stronie po\u015bwi\u0119conej marce ITAC PROFESSIONAL\" loading=\"lazy\">\n                            <\/a>\n                        <\/div>\n                    <\/div>\n\n                    <div class=\"post-entry-content blog-text\">\n                        <div class=\"categoria\">\n                            <div class=\"entry-meta\">\n                                <span class=\"category-link\"><a href=\"https:\/\/www.itac-professional.com\/pl\/blog\/category\/do-wyroznienia\/\" rel=\"category tag\">DO WYR\u00d3\u017bNIENIA<\/a>, <a href=\"https:\/\/www.itac-professional.com\/pl\/blog\/category\/zdarzenia-i-aktualnosci\/\" rel=\"category tag\">ZDARZENIA I AKTUALNO\u015aCI<\/a><\/span>\n                            <\/div>\n                        <\/div>\n\n                        <h2 class=\"entry-title blog-itac\">\n                            <a href=\"https:\/\/www.itac-professional.com\/pl\/blog\/witamy-na-naszej-nowej-stronie-poswieconej-marce-itac-professional\/\" title=\"Witamy na naszej nowej stronie po\u015bwi\u0119conej marce ITAC PROFESSIONAL\" rel=\"bookmark\">Witamy na naszej nowej stronie po\u015bwi\u0119conej marce ITAC PROFESSIONAL<\/a>\n                        <\/h2>\n\n                        <div class=\"entry-excerpt blog-itac\">\n                            <p>rzedsi\u0119biorstwo Importaco ma zaszczyt og\u0142osi\u0107 otwarcie nowej witryny internetowej na temat naszej marki ITAC PROFESSIONAL. Wspomniana strona od pa\u017adziernika 2018 r. b\u0119dzie stanowi\u0142a \u017ar\u00f3d\u0142o cennych informacji dla specjalist\u00f3w dzia\u0142aj\u0105cych na rynkach Food Service oraz przemys\u0142u krajowego i zagranicznego.<\/p>\n                        <\/div>\n\n                        <a href=\"https:\/\/www.itac-professional.com\/pl\/blog\/witamy-na-naszej-nowej-stronie-poswieconej-marce-itac-professional\/\" class=\"dt-btn-s dt-btn post-details details-type-btn\" aria-label=\"Read more about Witamy na naszej nowej stronie po\u015bwi\u0119conej marce ITAC PROFESSIONAL\">LEER M\u00c1S<i class=\"dt-icon-the7-arrow-03\" aria-hidden=\"true\"><\/i><\/a>\n\n                    <\/div>\n                <\/article>\n\n                \n                <article class=\"post project-odd visible\">\n\n                    <div class=\"post-thumbnail-wrap blog-itac\">\n                        <div class=\"post-thumbnail\">\n                            <a href=\"https:\/\/www.itac-professional.com\/pl\/blog\/luskanie-migdalow-przystosowanie-produktu\/\" class=\"post-thumbnail-rollover layzr-bg layzr-bg\">\n                                <img decoding=\"async\" loading=\"lazy\" class=\"\" src=\"https:\/\/www.itac-professional.com\/wp-content\/uploads\/2018\/10\/CABECERA_IMG_0617.jpg\" alt=\"\u0141uskanie migda\u0142\u00f3w &#8211; przystosowanie produktu\" title=\"\u0141uskanie migda\u0142\u00f3w &#8211; przystosowanie produktu\" loading=\"lazy\">\n                            <\/a>\n                        <\/div>\n                    <\/div>\n\n                    <div class=\"post-entry-content blog-text\">\n                        <div class=\"categoria\">\n                            <div class=\"entry-meta\">\n                                <span class=\"category-link\"><a href=\"https:\/\/www.itac-professional.com\/pl\/blog\/category\/nasz-produkt\/\" rel=\"category tag\">NASZ PRODUKT<\/a><\/span>\n                            <\/div>\n                        <\/div>\n\n                        <h2 class=\"entry-title blog-itac\">\n                            <a href=\"https:\/\/www.itac-professional.com\/pl\/blog\/luskanie-migdalow-przystosowanie-produktu\/\" title=\"\u0141uskanie migda\u0142\u00f3w &#8211; przystosowanie produktu\" rel=\"bookmark\">\u0141uskanie migda\u0142\u00f3w &#8211; przystosowanie produktu<\/a>\n                        <\/h2>\n\n                        <div class=\"entry-excerpt blog-itac\">\n                            <p>Po zako\u0144czeniu zbioru migda\u0142\u00f3w w zak\u0142adzie przyst\u0119puje si\u0119 do przystosowania produktu, czyli do procesu \u0142uskania. Ta procedura przemys\u0142owa polega na oddzieleniu ziarna od \u0142upiny, celem uzyskania cennego owocu.<\/p>\n                        <\/div>\n\n                        <a href=\"https:\/\/www.itac-professional.com\/pl\/blog\/luskanie-migdalow-przystosowanie-produktu\/\" class=\"dt-btn-s dt-btn post-details details-type-btn\" aria-label=\"Read more about \u0141uskanie migda\u0142\u00f3w &#8211; przystosowanie produktu\">LEER M\u00c1S<i class=\"dt-icon-the7-arrow-03\" aria-hidden=\"true\"><\/i><\/a>\n\n                    <\/div>\n                <\/article>\n\n                <\/div>[\/vc_column][\/vc_row]<\/p>\n<\/div>","protected":false},"excerpt":{"rendered":"<p>[vc_row][vc_column][vc_wp_text] Blog [\/vc_wp_text][\/vc_column][\/vc_row][vc_row][vc_column][\/vc_column][\/vc_row]<\/p>\n","protected":false},"author":1,"featured_media":0,"parent":0,"menu_order":0,"comment_status":"closed","ping_status":"closed","template":"","meta":{"_acf_changed":false,"content-type":"","footnotes":"","_links_to":"","_links_to_target":""},"class_list":["post-4950","page","type-page","status-publish","hentry"],"acf":[],"yoast_head":"<!-- This site is optimized with the Yoast SEO plugin v27.3 - https:\/\/yoast.com\/product\/yoast-seo-wordpress\/ -->\n<title>Blog z informacjami o \u017cywno\u015bci i trendach w bran\u017cy spo\u017cywczej | Itac Professional<\/title>\n<meta name=\"description\" content=\"Zapisz si\u0119 na bloga Itac Professional! B\u0119dziemy Ci\u0119 informowa\u0107 na bie\u017c\u0105co i b\u0119dziesz otrzymywa\u0107 nasze wiadomo\u015bci, nowo\u015bci, wskaz\u00f3wki i wydarzenia\" \/>\n<meta name=\"robots\" content=\"index, follow, max-snippet:-1, max-image-preview:large, max-video-preview:-1\" \/>\n<link rel=\"canonical\" href=\"https:\/\/www.itac-professional.com\/pl\/blog\/\" \/>\n<meta property=\"og:locale\" content=\"es_ES\" \/>\n<meta property=\"og:type\" content=\"article\" \/>\n<meta property=\"og:title\" content=\"Blog z informacjami o \u017cywno\u015bci i trendach w bran\u017cy spo\u017cywczej | Itac Professional\" \/>\n<meta property=\"og:description\" content=\"Zapisz si\u0119 na bloga Itac Professional! B\u0119dziemy Ci\u0119 informowa\u0107 na bie\u017c\u0105co i b\u0119dziesz otrzymywa\u0107 nasze wiadomo\u015bci, nowo\u015bci, wskaz\u00f3wki i wydarzenia\" \/>\n<meta property=\"og:url\" content=\"https:\/\/www.itac-professional.com\/pl\/blog\/\" \/>\n<meta property=\"og:site_name\" content=\"ITAC PROFESSIONAL\" \/>\n<meta property=\"article:publisher\" content=\"https:\/\/www.facebook.com\/itacpl\/?__tn__=%2cd%2cP-R&amp;amp%3bamp%3bamp%3beid=ARDlbBGdvN1GldNhuRmgHiU6tnbbCAl9fGzcoMdXJtpaDmSPPUWNWMZggUNgE-uhlBECVQWwd8uysOwe\" \/>\n<meta property=\"article:modified_time\" content=\"2023-07-03T08:35:00+00:00\" \/>\n<meta name=\"twitter:card\" content=\"summary_large_image\" \/>\n<script type=\"application\/ld+json\" class=\"yoast-schema-graph\">{\"@context\":\"https:\\\/\\\/schema.org\",\"@graph\":[{\"@type\":\"WebPage\",\"@id\":\"https:\\\/\\\/www.itac-professional.com\\\/pl\\\/blog\\\/\",\"url\":\"https:\\\/\\\/www.itac-professional.com\\\/pl\\\/blog\\\/\",\"name\":\"Blog z informacjami o \u017cywno\u015bci i trendach w bran\u017cy spo\u017cywczej | Itac Professional\",\"isPartOf\":{\"@id\":\"https:\\\/\\\/www.itac-professional.com\\\/pl\\\/#website\"},\"datePublished\":\"2019-01-14T11:12:46+00:00\",\"dateModified\":\"2023-07-03T08:35:00+00:00\",\"description\":\"Zapisz si\u0119 na bloga Itac Professional! B\u0119dziemy Ci\u0119 informowa\u0107 na bie\u017c\u0105co i b\u0119dziesz otrzymywa\u0107 nasze wiadomo\u015bci, nowo\u015bci, wskaz\u00f3wki i wydarzenia\",\"breadcrumb\":{\"@id\":\"https:\\\/\\\/www.itac-professional.com\\\/pl\\\/blog\\\/#breadcrumb\"},\"inLanguage\":\"es\",\"potentialAction\":[{\"@type\":\"ReadAction\",\"target\":[\"https:\\\/\\\/www.itac-professional.com\\\/pl\\\/blog\\\/\"]}]},{\"@type\":\"BreadcrumbList\",\"@id\":\"https:\\\/\\\/www.itac-professional.com\\\/pl\\\/blog\\\/#breadcrumb\",\"itemListElement\":[{\"@type\":\"ListItem\",\"position\":1,\"name\":\"Inicio\",\"item\":\"https:\\\/\\\/www.itac-professional.com\\\/pl\\\/\"},{\"@type\":\"ListItem\",\"position\":2,\"name\":\"Blog\"}]},{\"@type\":\"WebSite\",\"@id\":\"https:\\\/\\\/www.itac-professional.com\\\/pl\\\/#website\",\"url\":\"https:\\\/\\\/www.itac-professional.com\\\/pl\\\/\",\"name\":\"ITAC PROFESSIONAL\",\"description\":\"Frutos secos, frutas desecadas, snacks ...\",\"publisher\":{\"@id\":\"https:\\\/\\\/www.itac-professional.com\\\/pl\\\/#organization\"},\"potentialAction\":[{\"@type\":\"SearchAction\",\"target\":{\"@type\":\"EntryPoint\",\"urlTemplate\":\"https:\\\/\\\/www.itac-professional.com\\\/pl\\\/?s={search_term_string}\"},\"query-input\":{\"@type\":\"PropertyValueSpecification\",\"valueRequired\":true,\"valueName\":\"search_term_string\"}}],\"inLanguage\":\"es\"},{\"@type\":\"Organization\",\"@id\":\"https:\\\/\\\/www.itac-professional.com\\\/pl\\\/#organization\",\"name\":\"Itac Professional\",\"url\":\"https:\\\/\\\/www.itac-professional.com\\\/pl\\\/\",\"logo\":{\"@type\":\"ImageObject\",\"inLanguage\":\"es\",\"@id\":\"https:\\\/\\\/www.itac-professional.com\\\/pl\\\/#\\\/schema\\\/logo\\\/image\\\/\",\"url\":\"https:\\\/\\\/www.itac-professional.com\\\/wp-content\\\/uploads\\\/2018\\\/10\\\/LOGO-ITACPROF-160.png\",\"contentUrl\":\"https:\\\/\\\/www.itac-professional.com\\\/wp-content\\\/uploads\\\/2018\\\/10\\\/LOGO-ITACPROF-160.png\",\"width\":160,\"height\":80,\"caption\":\"Itac Professional\"},\"image\":{\"@id\":\"https:\\\/\\\/www.itac-professional.com\\\/pl\\\/#\\\/schema\\\/logo\\\/image\\\/\"},\"sameAs\":[\"https:\\\/\\\/www.facebook.com\\\/itacpl\\\/?__tn__=,d,P-R&amp;amp;amp;eid=ARDlbBGdvN1GldNhuRmgHiU6tnbbCAl9fGzcoMdXJtpaDmSPPUWNWMZggUNgE-uhlBECVQWwd8uysOwe\",\"https:\\\/\\\/www.linkedin.com\\\/sharing\\\/share-offsite\\\/?url=https:\\\/\\\/www.itac-professional.com\\\/retail\\\/\"]}]}<\/script>\n<!-- \/ Yoast SEO plugin. -->","yoast_head_json":{"title":"Blog z informacjami o \u017cywno\u015bci i trendach w bran\u017cy spo\u017cywczej | Itac Professional","description":"Zapisz si\u0119 na bloga Itac Professional! B\u0119dziemy Ci\u0119 informowa\u0107 na bie\u017c\u0105co i b\u0119dziesz otrzymywa\u0107 nasze wiadomo\u015bci, nowo\u015bci, wskaz\u00f3wki i wydarzenia","robots":{"index":"index","follow":"follow","max-snippet":"max-snippet:-1","max-image-preview":"max-image-preview:large","max-video-preview":"max-video-preview:-1"},"canonical":"https:\/\/www.itac-professional.com\/pl\/blog\/","og_locale":"es_ES","og_type":"article","og_title":"Blog z informacjami o \u017cywno\u015bci i trendach w bran\u017cy spo\u017cywczej | Itac Professional","og_description":"Zapisz si\u0119 na bloga Itac Professional! B\u0119dziemy Ci\u0119 informowa\u0107 na bie\u017c\u0105co i b\u0119dziesz otrzymywa\u0107 nasze wiadomo\u015bci, nowo\u015bci, wskaz\u00f3wki i wydarzenia","og_url":"https:\/\/www.itac-professional.com\/pl\/blog\/","og_site_name":"ITAC PROFESSIONAL","article_publisher":"https:\/\/www.facebook.com\/itacpl\/?__tn__=%2cd%2cP-R&amp%3bamp%3bamp%3beid=ARDlbBGdvN1GldNhuRmgHiU6tnbbCAl9fGzcoMdXJtpaDmSPPUWNWMZggUNgE-uhlBECVQWwd8uysOwe","article_modified_time":"2023-07-03T08:35:00+00:00","twitter_card":"summary_large_image","schema":{"@context":"https:\/\/schema.org","@graph":[{"@type":"WebPage","@id":"https:\/\/www.itac-professional.com\/pl\/blog\/","url":"https:\/\/www.itac-professional.com\/pl\/blog\/","name":"Blog z informacjami o \u017cywno\u015bci i trendach w bran\u017cy spo\u017cywczej | Itac Professional","isPartOf":{"@id":"https:\/\/www.itac-professional.com\/pl\/#website"},"datePublished":"2019-01-14T11:12:46+00:00","dateModified":"2023-07-03T08:35:00+00:00","description":"Zapisz si\u0119 na bloga Itac Professional! B\u0119dziemy Ci\u0119 informowa\u0107 na bie\u017c\u0105co i b\u0119dziesz otrzymywa\u0107 nasze wiadomo\u015bci, nowo\u015bci, wskaz\u00f3wki i wydarzenia","breadcrumb":{"@id":"https:\/\/www.itac-professional.com\/pl\/blog\/#breadcrumb"},"inLanguage":"es","potentialAction":[{"@type":"ReadAction","target":["https:\/\/www.itac-professional.com\/pl\/blog\/"]}]},{"@type":"BreadcrumbList","@id":"https:\/\/www.itac-professional.com\/pl\/blog\/#breadcrumb","itemListElement":[{"@type":"ListItem","position":1,"name":"Inicio","item":"https:\/\/www.itac-professional.com\/pl\/"},{"@type":"ListItem","position":2,"name":"Blog"}]},{"@type":"WebSite","@id":"https:\/\/www.itac-professional.com\/pl\/#website","url":"https:\/\/www.itac-professional.com\/pl\/","name":"ITAC PROFESSIONAL","description":"Frutos secos, frutas desecadas, snacks ...","publisher":{"@id":"https:\/\/www.itac-professional.com\/pl\/#organization"},"potentialAction":[{"@type":"SearchAction","target":{"@type":"EntryPoint","urlTemplate":"https:\/\/www.itac-professional.com\/pl\/?s={search_term_string}"},"query-input":{"@type":"PropertyValueSpecification","valueRequired":true,"valueName":"search_term_string"}}],"inLanguage":"es"},{"@type":"Organization","@id":"https:\/\/www.itac-professional.com\/pl\/#organization","name":"Itac Professional","url":"https:\/\/www.itac-professional.com\/pl\/","logo":{"@type":"ImageObject","inLanguage":"es","@id":"https:\/\/www.itac-professional.com\/pl\/#\/schema\/logo\/image\/","url":"https:\/\/www.itac-professional.com\/wp-content\/uploads\/2018\/10\/LOGO-ITACPROF-160.png","contentUrl":"https:\/\/www.itac-professional.com\/wp-content\/uploads\/2018\/10\/LOGO-ITACPROF-160.png","width":160,"height":80,"caption":"Itac Professional"},"image":{"@id":"https:\/\/www.itac-professional.com\/pl\/#\/schema\/logo\/image\/"},"sameAs":["https:\/\/www.facebook.com\/itacpl\/?__tn__=,d,P-R&amp;amp;amp;eid=ARDlbBGdvN1GldNhuRmgHiU6tnbbCAl9fGzcoMdXJtpaDmSPPUWNWMZggUNgE-uhlBECVQWwd8uysOwe","https:\/\/www.linkedin.com\/sharing\/share-offsite\/?url=https:\/\/www.itac-professional.com\/retail\/"]}]}},"_links":{"self":[{"href":"https:\/\/www.itac-professional.com\/pl\/wp-json\/wp\/v2\/pages\/4950","targetHints":{"allow":["GET"]}}],"collection":[{"href":"https:\/\/www.itac-professional.com\/pl\/wp-json\/wp\/v2\/pages"}],"about":[{"href":"https:\/\/www.itac-professional.com\/pl\/wp-json\/wp\/v2\/types\/page"}],"author":[{"embeddable":true,"href":"https:\/\/www.itac-professional.com\/pl\/wp-json\/wp\/v2\/users\/1"}],"replies":[{"embeddable":true,"href":"https:\/\/www.itac-professional.com\/pl\/wp-json\/wp\/v2\/comments?post=4950"}],"version-history":[{"count":12,"href":"https:\/\/www.itac-professional.com\/pl\/wp-json\/wp\/v2\/pages\/4950\/revisions"}],"predecessor-version":[{"id":22750,"href":"https:\/\/www.itac-professional.com\/pl\/wp-json\/wp\/v2\/pages\/4950\/revisions\/22750"}],"wp:attachment":[{"href":"https:\/\/www.itac-professional.com\/pl\/wp-json\/wp\/v2\/media?parent=4950"}],"curies":[{"name":"wp","href":"https:\/\/api.w.org\/{rel}","templated":true}]}}